{"id":1632,"date":"2025-06-23T02:03:34","date_gmt":"2025-06-23T02:03:34","guid":{"rendered":"https:\/\/aemtl.org\/?page_id=1632"},"modified":"2026-04-30T07:42:26","modified_gmt":"2026-04-30T07:42:26","slug":"women-in-business-awards","status":"publish","type":"page","link":"https:\/\/aemtl.org\/pt\/women-in-business-awards\/","title":{"rendered":"Pr\u00eamio Empreendedores das Mulheres de Timor-Leste 2026"},"content":{"rendered":"\n<p class=\"has-base-2-color has-text-color has-background has-link-color has-body-font-family wp-elements-391a31d5954721480d170253f48db0da\" style=\"border-style:none;border-width:0px;border-radius:10px;background-color:#000c5c;margin-top:0;margin-right:0;margin-bottom:0;margin-left:0;font-size:clamp(0.875rem, 0.875rem + ((1vw - 0.2rem) * 0.208), 1rem);\"><strong>PR\u00caMIOS MULHERES EMPREENDEDORAS EM TIMOR-LESTE 2025<\/strong><\/p>\n\n\n\n<p><strong>A International Finance Corporation (IFC)<\/strong> e a <strong>Associa\u00e7\u00e3o Empresarial das Mulheres de Timor-Leste (AEMTL)<\/strong>, em parceria com os <strong>Governos da Austr\u00e1lia e da Nova Zel\u00e2ndia<\/strong>, t\u00eam a honra de organizar os Pr\u00eamios Mulheres Empreendedoras em Timor-Leste 2025, sob o patroc\u00ednio do <strong>Presidente da Rep\u00fablica Democr\u00e1tica de Timor-Leste.<\/strong><\/p>\n\n\n\n<p><strong>Requisitos de Nomea\u00e7\u00e3o:<\/strong><\/p>\n\n\n\n<ol start=\"1\" class=\"wp-block-list\">\n<li><em>Qualquer pessoa pode submeter uma nomea\u00e7\u00e3o (auto-nomea\u00e7\u00e3o ou nomea\u00e7\u00e3o de terceiros), desde que tenha o consentimento do candidato.<\/em><\/li>\n\n\n\n<li><em>As nomea\u00e7\u00f5es est\u00e3o abertas a indiv\u00edduos de todas as nacionalidades.<\/em><\/li>\n\n\n\n<li><em>Os nomeados podem ser provenientes do setor p\u00fablico, setor privado, setor corporativo, associa\u00e7\u00f5es ou organiza\u00e7\u00f5es n\u00e3o governamentais.<\/em><\/li>\n\n\n\n<li><em>Apenas empresas ou indiv\u00edduos associados a organiza\u00e7\u00f5es sediadas em Timor-Leste s\u00e3o eleg\u00edveis.<\/em><\/li>\n\n\n\n<li><em>Os nomeados n\u00e3o podem ser membros do j\u00fari nem ter liga\u00e7\u00e3o direta com membros do comit\u00e9 de avalia\u00e7\u00e3o.<\/em><\/li>\n\n\n\n<li><em>Cada nomea\u00e7\u00e3o pode concorrer a um m\u00e1ximo de <strong>2 categorias de pr\u00e9mio<\/strong>. O comit\u00e9 reserva-se o direito de reclassificar os candidatos na categoria mais adequada.<\/em><\/li>\n\n\n\n<li><em>As nomea\u00e7\u00f5es devem explicar claramente por que o candidato merece o pr\u00e9mio, incluindo informa\u00e7\u00f5es suficientes sobre conquistas individuais e institucionais.<\/em><\/li>\n\n\n\n<li><em>Os vencedores devem estar presentes na cerim\u00f3nia em D\u00edli para receber o pr\u00e9mio pessoalmente.<\/em><\/li>\n\n\n\n<li><em>Cada candidato ou organiza\u00e7\u00e3o deve ter um formul\u00e1rio de nomea\u00e7\u00e3o separado.<\/em><\/li>\n\n\n\n<li><em>Apenas os candidatos pr\u00e9-selecionados ser\u00e3o contactados.<\/em><\/li>\n\n\n\n<li><em>Vencedores de anos anteriores n\u00e3o s\u00e3o eleg\u00edveis para esta edi\u00e7\u00e3o.<\/em><\/li>\n<\/ol>\n\n\n\n<p><strong>Os Pr\u00eamios t\u00eam como objetivo<\/strong>:<\/p>\n\n\n\n<p>\u207b Reconhecer mulheres que demonstram excel\u00eancia nas suas carreiras, neg\u00f3cios e iniciativas empreendedoras, servindo como modelos e inspirando outras pessoas.<br>\u207b Reconhecer e incentivar os esfor\u00e7os de l\u00edderes dos setores p\u00fablicos e privado, bem como de atores da sociedade civil, que contribuem para o avan\u00e7o da igualdade de g\u00eanero, diversidade, boa governan\u00e7\u00e3o e inclus\u00e3o financeira.<br>\u207b Reconhecer iniciativas institucionais e individuais que promovem e incorporam a diversidade e a inclus\u00e3o financeira das mulheres por meio de projetos, pol\u00edticas e pr\u00e1ticas&nbsp;inovadoras.<\/p>\n\n\n\n<p><strong><strong><strong><u>VIS\u00c3O GERAL DAS CATEGORIAS DE PR\u00c9MIOS<\/u><\/strong><\/strong><\/strong><\/p>\n\n\n\n<p>As categorias de pr\u00e9mios s\u00e3o um total de 10 para sua informa\u00e7\u00e3o:<\/p>\n\n\n\n<figure class=\"wp-block-image size-large\"><img loading=\"lazy\" decoding=\"async\" width=\"1024\" height=\"569\" src=\"https:\/\/aemtl.org\/wp-content\/uploads\/2026\/04\/image-11-1024x569.png\" alt=\"\" class=\"wp-image-2307\" srcset=\"https:\/\/aemtl.org\/wp-content\/uploads\/2026\/04\/image-11-1024x569.png 1024w, https:\/\/aemtl.org\/wp-content\/uploads\/2026\/04\/image-11-300x167.png 300w, https:\/\/aemtl.org\/wp-content\/uploads\/2026\/04\/image-11-768x427.png 768w, https:\/\/aemtl.org\/wp-content\/uploads\/2026\/04\/image-11-1536x853.png 1536w, https:\/\/aemtl.org\/wp-content\/uploads\/2026\/04\/image-11-2048x1137.png 2048w\" sizes=\"auto, (max-width: 1024px) 100vw, 1024px\" \/><\/figure>\n\n\n\n<div class=\"wp-block-buttons is-layout-flex wp-block-buttons-is-layout-flex\">\n<div class=\"wp-block-button\"><a class=\"wp-block-button__link wp-element-button\">APLICA ONLINE<\/a><\/div>\n\n\n\n<div class=\"wp-block-button\"><a class=\"wp-block-button__link wp-element-button\">DOWNLOAD APLICA\u00c7\u00c3O<\/a><\/div>\n<\/div>\n\n\n\n<p>Se voc\u00ea preencher o formul\u00e1rio f\u00edsico, por favor, envie o formul\u00e1rio para o escrit\u00f3rio da AEMTL em Acait 10, Av, 30 de Agosto, Vera-Cruz, D\u00edli ou envie por e-mail para <mark style=\"background-color:rgba(0, 0, 0, 0);color:#1ab0df\" class=\"has-inline-color\"><strong>wawardstl@ifc.org.<\/strong><\/mark><\/p>\n\n\n\n<p><\/p>\n","protected":false},"excerpt":{"rendered":"<p>PR\u00caMIOS MULHERES EMPREENDEDORAS EM TIMOR-LESTE 2025 A International Finance Corporation (IFC) e a Associa\u00e7\u00e3o Empresarial das Mulheres de Timor-Leste (AEMTL), em parceria com os Governos da Austr\u00e1lia e da Nova Zel\u00e2ndia, t\u00eam a honra de organizar os Pr\u00eamios Mulheres Empreendedoras em Timor-Leste 2025, sob o patroc\u00ednio do Presidente da Rep\u00fablica Democr\u00e1tica de Timor-Leste. Requisitos de [&hellip;]<\/p>\n","protected":false},"author":5,"featured_media":0,"parent":0,"menu_order":0,"comment_status":"closed","ping_status":"closed","template":"","meta":{"footnotes":""},"class_list":["post-1632","page","type-page","status-publish","hentry"],"_links":{"self":[{"href":"https:\/\/aemtl.org\/pt\/wp-json\/wp\/v2\/pages\/1632","targetHints":{"allow":["GET"]}}],"collection":[{"href":"https:\/\/aemtl.org\/pt\/wp-json\/wp\/v2\/pages"}],"about":[{"href":"https:\/\/aemtl.org\/pt\/wp-json\/wp\/v2\/types\/page"}],"author":[{"embeddable":true,"href":"https:\/\/aemtl.org\/pt\/wp-json\/wp\/v2\/users\/5"}],"replies":[{"embeddable":true,"href":"https:\/\/aemtl.org\/pt\/wp-json\/wp\/v2\/comments?post=1632"}],"version-history":[{"count":150,"href":"https:\/\/aemtl.org\/pt\/wp-json\/wp\/v2\/pages\/1632\/revisions"}],"predecessor-version":[{"id":2308,"href":"https:\/\/aemtl.org\/pt\/wp-json\/wp\/v2\/pages\/1632\/revisions\/2308"}],"wp:attachment":[{"href":"https:\/\/aemtl.org\/pt\/wp-json\/wp\/v2\/media?parent=1632"}],"curies":[{"name":"wp","href":"https:\/\/api.w.org\/{rel}","templated":true}]}}