{"id":19,"date":"2025-02-06T22:51:50","date_gmt":"2025-02-06T22:51:50","guid":{"rendered":"https:\/\/aemtl.org\/?page_id=19"},"modified":"2025-02-09T19:15:09","modified_gmt":"2025-02-09T19:15:09","slug":"aemtl","status":"publish","type":"page","link":"https:\/\/aemtl.org\/pt\/aemtl\/","title":{"rendered":"AEMTL &#8211; A refer\u00eancia das mulheres empres\u00e1rias timorenses"},"content":{"rendered":"\n<p>Desde a sua cria\u00e7\u00e3o, a <strong>AEMTL<\/strong> tem-se esfor\u00e7ado por ser uma refer\u00eancia como organiza\u00e7\u00e3o de mulheres na \u00e1rea empresarial, trabalhando para defender uma maior participa\u00e7\u00e3o das mulheres na vida econ\u00f3mica do pa\u00eds. Os desafios t\u00eam sido muitos, tanto internos como externos, mas o maior de todos \u00e9 a mentalidade.<\/p>\n\n\n\n<p>De facto, <strong>advocacia, capacita\u00e7\u00e3o, promo\u00e7\u00e3o e socializa\u00e7\u00e3o<\/strong>, suportadas por valores bem estabelecidos de <strong>assertividade e lideran\u00e7a firme e forte<\/strong>, permitiram ganhar a confian\u00e7a dos parceiros e mudar significativamente a mentalidade existente, tanto dos pr\u00f3prios membros como das entidades externas, relativamente ao papel da <strong>AEMTL<\/strong>.<\/p>\n\n\n\n<p>Hoje, a <strong>AEMTL<\/strong> \u00e9 uma organiza\u00e7\u00e3o respeitada e forte, composta por mulheres determinadas a continuar a quebrar o <em>status quo<\/em> e a lutar por um <strong>Timor-Leste mais inclusivo, participativo e produtivo<\/strong>.<\/p>\n\n\n\n<p>Se antes os discursos eram de pesar, agora as associadas da <strong>AEMTL<\/strong> falam mais sobre <strong>procura de investimento, coopera\u00e7\u00e3o, assumir riscos e encontrar solu\u00e7\u00f5es<\/strong>. A mentalidade aposta cada vez mais no &#8220;<em>Fazer<\/em>&#8220;, em deixar de serem apenas intermedi\u00e1rias, em assumir <strong>&#8220;Propriedade&#8221;<\/strong> e em <strong>reinvestir em vez de &#8220;Ganhar apenas para Consumir&#8221;<\/strong>.<\/p>\n\n\n\n<p>Com empres\u00e1rias mais confiantes, s\u00f3lidas na supera\u00e7\u00e3o das dificuldades e movidas por uma for\u00e7a cooperativa mais robusta, as empres\u00e1rias da <strong>AEMTL<\/strong> est\u00e3o prontas para abra\u00e7ar novos desafios, com <strong>clareza, inova\u00e7\u00e3o, criatividade e perspic\u00e1cia financeira<\/strong> na gest\u00e3o dos seus investimentos.<\/p>\n\n\n\n<p>A n\u00e3o depend\u00eancia de projetos p\u00fablicos est\u00e1 a tornar-se progressivamente vis\u00edvel. A quota de <strong>30% reservada \u00e0s mulheres no processo de contrata\u00e7\u00e3o p\u00fablica<\/strong> \u00e9 uma conquista para a qual a <strong>AEMTL<\/strong> tem contribu\u00eddo imensamente, e que se destaca pela sua <strong>qualidade, inova\u00e7\u00e3o e sustentabilidade econ\u00f3mica<\/strong>. A <strong>AEMTL<\/strong> quer obras bem feitas, dur\u00e1veis e ao menor custo poss\u00edvel.<\/p>\n\n\n\n<p>A <strong>AEMTL<\/strong> acredita ter estabelecido bases s\u00f3lidas, para que as futuras l\u00edderes possam <strong>consolidar, desenvolver e elevar ainda mais a associa\u00e7\u00e3o<\/strong>, em benef\u00edcio de todas as que se abrigam na organiza\u00e7\u00e3o, e em prol de uma sociedade mais <strong>justa e pr\u00f3spera<\/strong>.<\/p>\n","protected":false},"excerpt":{"rendered":"<p>Desde a sua cria\u00e7\u00e3o, a AEMTL tem-se esfor\u00e7ado por ser uma refer\u00eancia como organiza\u00e7\u00e3o de mulheres na \u00e1rea empresarial, trabalhando para defender uma maior participa\u00e7\u00e3o das mulheres na vida econ\u00f3mica do pa\u00eds. Os desafios t\u00eam sido muitos, tanto internos como externos, mas o maior de todos \u00e9 a mentalidade. De facto, advocacia, capacita\u00e7\u00e3o, promo\u00e7\u00e3o e [&hellip;]<\/p>\n","protected":false},"author":1,"featured_media":0,"parent":0,"menu_order":0,"comment_status":"closed","ping_status":"closed","template":"","meta":{"footnotes":""},"class_list":["post-19","page","type-page","status-publish","hentry"],"_links":{"self":[{"href":"https:\/\/aemtl.org\/pt\/wp-json\/wp\/v2\/pages\/19","targetHints":{"allow":["GET"]}}],"collection":[{"href":"https:\/\/aemtl.org\/pt\/wp-json\/wp\/v2\/pages"}],"about":[{"href":"https:\/\/aemtl.org\/pt\/wp-json\/wp\/v2\/types\/page"}],"author":[{"embeddable":true,"href":"https:\/\/aemtl.org\/pt\/wp-json\/wp\/v2\/users\/1"}],"replies":[{"embeddable":true,"href":"https:\/\/aemtl.org\/pt\/wp-json\/wp\/v2\/comments?post=19"}],"version-history":[{"count":7,"href":"https:\/\/aemtl.org\/pt\/wp-json\/wp\/v2\/pages\/19\/revisions"}],"predecessor-version":[{"id":1410,"href":"https:\/\/aemtl.org\/pt\/wp-json\/wp\/v2\/pages\/19\/revisions\/1410"}],"wp:attachment":[{"href":"https:\/\/aemtl.org\/pt\/wp-json\/wp\/v2\/media?parent=19"}],"curies":[{"name":"wp","href":"https:\/\/api.w.org\/{rel}","templated":true}]}}