{"id":28,"date":"2024-12-28T11:04:19","date_gmt":"2024-12-28T11:04:19","guid":{"rendered":"https:\/\/aemtl.org\/?page_id=28"},"modified":"2025-02-07T10:35:08","modified_gmt":"2025-02-07T10:35:08","slug":"our-team","status":"publish","type":"page","link":"https:\/\/aemtl.org\/pt\/aemtl\/our-team\/","title":{"rendered":"Quem Somos"},"content":{"rendered":"\n<div class=\"wp-block-group alignfull is-layout-flow wp-block-group-is-layout-flow\" style=\"padding-right:var(--wp--preset--spacing--20);padding-left:var(--wp--preset--spacing--20)\">\n<p class=\"has-medium-font-size\">Capacitamos as mulheres timorenses para que desenvolvam as suas atividades no setor privado.<br>Incentivamos e motivamos as associadas a trabalharem em conjunto &#8211; e a criarem linhas de coopera\u00e7\u00e3o entre si, com outras organiza\u00e7\u00f5es do setor privado, com cooperativas e com o Governo &#8211; em prol do desenvolvimento econ\u00f3mico nacional.<br>Ajudamos e promovemos as associadas a encontrar um bom ambiente de trabalho que possa contribuir para o desenvolvimento nacional.<\/p>\n\n\n\n<p class=\"has-medium-font-size\"><\/p>\n\n\n\n<div class=\"wp-block-columns is-layout-flex wp-container-core-columns-is-layout-1 wp-block-columns-is-layout-flex\">\n<div class=\"wp-block-column is-layout-flow wp-block-column-is-layout-flow\" style=\"flex-basis:33.33%\">\n<figure class=\"wp-block-image size-full\"><img loading=\"lazy\" decoding=\"async\" width=\"790\" height=\"790\" src=\"https:\/\/aemtl.org\/wp-content\/uploads\/2025\/01\/Hergui-Luina-Fernandes-Alves.png\" alt=\"\" class=\"wp-image-252\" srcset=\"https:\/\/aemtl.org\/wp-content\/uploads\/2025\/01\/Hergui-Luina-Fernandes-Alves.png 790w, https:\/\/aemtl.org\/wp-content\/uploads\/2025\/01\/Hergui-Luina-Fernandes-Alves-300x300.png 300w, https:\/\/aemtl.org\/wp-content\/uploads\/2025\/01\/Hergui-Luina-Fernandes-Alves-150x150.png 150w, https:\/\/aemtl.org\/wp-content\/uploads\/2025\/01\/Hergui-Luina-Fernandes-Alves-768x768.png 768w\" sizes=\"auto, (max-width: 790px) 100vw, 790px\" \/><\/figure>\n<\/div>\n\n\n\n<div class=\"wp-block-column is-layout-flow wp-block-column-is-layout-flow\" style=\"flex-basis:66.66%\">\n<p class=\"has-custom-blue-color has-text-color has-link-color wp-elements-d0bd670e0ac8163658e0ed5e3ceaddf5\" style=\"font-size:clamp(16.293px, 1.018rem + ((1vw - 3.2px) * 0.907), 25px);line-height:1.2\"><strong>Hergui Luina Fernandes Alves<\/strong><br>Presidente<\/p>\n\n\n\n<p>Hergui Luina Fernandes Alves \u00e9 presidente da Associa\u00e7\u00e3o de Mulheres Empres\u00e1rias de Timor-Leste (AEMTL), vice-presidente de Promo\u00e7\u00e3o e Corpora\u00e7\u00f5es da C\u00e2mara de Com\u00e9rcio de Timor-Leste (CCI-TL) e Diretor da Nova Casa Fresca Unip. Lda. Dedicou 15 anos ao empoderamento das mulheres e ao combate ao elevado desemprego feminino. O seu neg\u00f3cio, Nova Casa Fresca Lda (NCF) come\u00e7ou por ser um grupo de oito fam\u00edlias e expandiu-se para mais de 150 agregados familiares, constitu\u00eddos por 53% de mulheres. Devido ao NCF, estas fam\u00edlias t\u00eam agora um rendimento est\u00e1vel, o que levou ao empoderamento das mulheres atrav\u00e9s da independ\u00eancia econ\u00f3mica. Hergui, os projetos da NCF incluem medir o envolvimento das mulheres no Agroneg\u00f3cio. Hoje, como Presidente da AEMTL, Hergui dedica-se a trabalhar com as suas equipas din\u00e2micas para liderar a mudan\u00e7a no cen\u00e1rio do setor privado de Timor-Leste e fortalecer o empoderamento econ\u00f3mico das mulheres. O seu contributo para o empoderamento das mulheres torna a sua exist\u00eancia mais vis\u00edvel e as suas vozes e contributos para a economia do pa\u00eds s\u00e3o contadas. Isso tamb\u00e9m leva a uma melhoria da sua carreira pessoal. Hergui \u00e9 membro do CNAR no BNCTL (comiss\u00e3o permanente de nomea\u00e7\u00e3o, avalia\u00e7\u00e3o e remunera\u00e7\u00e3o), \u00e9 membro do CNT (Conselho Nacional do Trabalho) e \u00e9 presidente do Conselho da Millenium Challenge Corporation (MAC-TL, IP). Para al\u00e9m da NCF, a Hergui \u00e9 propriet\u00e1ria de uma empresa de constru\u00e7\u00e3o e fornecimento geral, a Oceania Unipessoal Lda.. A empresa oferece qualidade de servi\u00e7os aos seus clientes atrav\u00e9s da implementa\u00e7\u00e3o de padr\u00f5es internacionais e profissionalismo que se adequam ao contexto local.<\/p>\n<\/div>\n<\/div>\n\n\n\n<hr class=\"wp-block-separator has-alpha-channel-opacity is-style-wide\"\/>\n\n\n\n<div class=\"wp-block-columns is-layout-flex wp-container-core-columns-is-layout-2 wp-block-columns-is-layout-flex\">\n<div class=\"wp-block-column is-layout-flow wp-block-column-is-layout-flow\" style=\"flex-basis:33.33%\">\n<figure class=\"wp-block-image size-full\"><img loading=\"lazy\" decoding=\"async\" width=\"790\" height=\"790\" src=\"https:\/\/aemtl.org\/wp-content\/uploads\/2025\/01\/Jacinta-Abu-Cau-Pereira.png\" alt=\"\" class=\"wp-image-259\" srcset=\"https:\/\/aemtl.org\/wp-content\/uploads\/2025\/01\/Jacinta-Abu-Cau-Pereira.png 790w, https:\/\/aemtl.org\/wp-content\/uploads\/2025\/01\/Jacinta-Abu-Cau-Pereira-300x300.png 300w, https:\/\/aemtl.org\/wp-content\/uploads\/2025\/01\/Jacinta-Abu-Cau-Pereira-150x150.png 150w, https:\/\/aemtl.org\/wp-content\/uploads\/2025\/01\/Jacinta-Abu-Cau-Pereira-768x768.png 768w\" sizes=\"auto, (max-width: 790px) 100vw, 790px\" \/><\/figure>\n<\/div>\n\n\n\n<div class=\"wp-block-column is-layout-flow wp-block-column-is-layout-flow\" style=\"flex-basis:66.66%\">\n<p class=\"has-custom-blue-color has-text-color has-link-color wp-elements-0b905cb703c0935ba102bcba1ee72aff\" style=\"font-size:clamp(16.293px, 1.018rem + ((1vw - 3.2px) * 0.907), 25px);line-height:1.2\"><strong>Jacinta Abu Cau Pereira<\/strong><br>Vice-Presidente para Empoderamento e Refor\u00e7o Institucional<\/p>\n\n\n\n<p>Jacinta Abu Cau Pereira \u00e9 a Vice-Presidente da AEMTL para o Empoderamento e Fortalecimento Institucional e \u00e9 tamb\u00e9m a Vice-Presidente da C\u00e2mara de Com\u00e9rcio de Timor-Leste (CCI-TL) para o Empoderamento Econ\u00f3mico das Mulheres. \u00c9 natural de Balib\u00f3, Timor-Leste. Tem um mestrado em Direito pela UNPAZ e uma licenciatura em Ci\u00eancias Sociais pela UNPAZ. Jacinta iniciou a sua carreira como Directora de um orfanato chamado Lar D&#8217;O Bom Samaritano Lauala-Ermera em 2006 at\u00e9 2010. Em 2012 foi eleita Presidente da Comiss\u00e3o &#8220;D&#8221; de Economia e Desenvolvimento do Parlamento Nacional de Timor-Leste. Pouco tempo depois do seu mandato pol\u00edtico, juntou-se \u00e0 AEMTL e continuou com a CCI-TL. Foi tamb\u00e9m uma das formadoras principais do &#8220;M\u00f3dulo Get Ahead&#8221;, concedido ap\u00f3s a conclus\u00e3o da sua forma\u00e7\u00e3o e miss\u00e3o atrav\u00e9s do Programa Spotlight para a Inclus\u00e3o e Desenvolvimento do Empreendedorismo das Mulheres, em parceria com a AEMTL, a CCI-TL e a OIT internacional. A Jacinta deseja aumentar o seu conhecimento sobre neg\u00f3cios para melhorar as necessidades financeiras das associa\u00e7\u00f5es, bem como o seu pr\u00f3prio desenvolvimento empresarial.<\/p>\n<\/div>\n<\/div>\n\n\n\n<hr class=\"wp-block-separator has-alpha-channel-opacity is-style-wide\"\/>\n\n\n\n<div class=\"wp-block-columns is-layout-flex wp-container-core-columns-is-layout-3 wp-block-columns-is-layout-flex\">\n<div class=\"wp-block-column is-layout-flow wp-block-column-is-layout-flow\" style=\"flex-basis:33.33%\">\n<figure class=\"wp-block-image size-full\"><img loading=\"lazy\" decoding=\"async\" width=\"790\" height=\"790\" src=\"https:\/\/aemtl.org\/wp-content\/uploads\/2025\/01\/Bonciana-Gorrete-Monteiro.png\" alt=\"\" class=\"wp-image-261\" srcset=\"https:\/\/aemtl.org\/wp-content\/uploads\/2025\/01\/Bonciana-Gorrete-Monteiro.png 790w, https:\/\/aemtl.org\/wp-content\/uploads\/2025\/01\/Bonciana-Gorrete-Monteiro-300x300.png 300w, https:\/\/aemtl.org\/wp-content\/uploads\/2025\/01\/Bonciana-Gorrete-Monteiro-150x150.png 150w, https:\/\/aemtl.org\/wp-content\/uploads\/2025\/01\/Bonciana-Gorrete-Monteiro-768x768.png 768w\" sizes=\"auto, (max-width: 790px) 100vw, 790px\" \/><\/figure>\n<\/div>\n\n\n\n<div class=\"wp-block-column is-layout-flow wp-block-column-is-layout-flow\" style=\"flex-basis:66.66%\">\n<p class=\"has-custom-blue-color has-text-color has-link-color wp-elements-555dc0630b4c6501eaebf356d5fb65c3\" style=\"font-size:clamp(16.293px, 1.018rem + ((1vw - 3.2px) * 0.907), 25px);line-height:1.2\"><strong>Bonciana Gorrete Monteiro<br><\/strong>Vice-Presidente Rela\u00e7\u00f5es Externas e Promo\u00e7\u00e3o de Neg\u00f3cio<\/p>\n\n\n\n<p>Bonciana Gorrete Monteiro \u00e9 natural de lospalos, Timor Leste. Frequentou a Unika Widya Mandira University em Kupang, especializando-se na Faculdade de Direito, e iniciou a sua carreira como diretora da sua pr\u00f3pria empresa denominada QRRAZ Unipessoal. A QRRAZ est\u00e1 atualmente a funcionar no setor de Constru\u00e7\u00e3o, Eletricidade e Fornecimento Geral em Timor-Leste. Ingressou na AEMTL em 2015 e recentemente como Vice-Presidente de Rela\u00e7\u00f5es Externas e Promo\u00e7\u00e3o de Neg\u00f3cios est\u00e1 aqui para promover o neg\u00f3cio dos empres\u00e1rios e participar em reuni\u00f5es importantes relacionadas com esta associa\u00e7\u00e3o.<\/p>\n<\/div>\n<\/div>\n\n\n\n<hr class=\"wp-block-separator has-alpha-channel-opacity is-style-wide\"\/>\n\n\n\n<div class=\"wp-block-columns is-layout-flex wp-container-core-columns-is-layout-4 wp-block-columns-is-layout-flex\">\n<div class=\"wp-block-column is-layout-flow wp-block-column-is-layout-flow\" style=\"flex-basis:33.33%\">\n<figure class=\"wp-block-image size-full\"><img loading=\"lazy\" decoding=\"async\" width=\"790\" height=\"790\" src=\"https:\/\/aemtl.org\/wp-content\/uploads\/2025\/01\/Maria-de-Fatima-Belo.png\" alt=\"\" class=\"wp-image-267\" srcset=\"https:\/\/aemtl.org\/wp-content\/uploads\/2025\/01\/Maria-de-Fatima-Belo.png 790w, https:\/\/aemtl.org\/wp-content\/uploads\/2025\/01\/Maria-de-Fatima-Belo-300x300.png 300w, https:\/\/aemtl.org\/wp-content\/uploads\/2025\/01\/Maria-de-Fatima-Belo-150x150.png 150w, https:\/\/aemtl.org\/wp-content\/uploads\/2025\/01\/Maria-de-Fatima-Belo-768x768.png 768w\" sizes=\"auto, (max-width: 790px) 100vw, 790px\" \/><\/figure>\n<\/div>\n\n\n\n<div class=\"wp-block-column is-layout-flow wp-block-column-is-layout-flow\" style=\"flex-basis:66.66%\">\n<p class=\"has-custom-blue-color has-text-color has-link-color wp-elements-9c55d31a9d05d452e13bfab6cb4c54d6\" style=\"font-size:clamp(16.293px, 1.018rem + ((1vw - 3.2px) * 0.907), 25px);line-height:1.2\"><strong>Maria de F\u00e1tima Belo<br><\/strong>Vice-Presidente Agricultura e Assuntos Sociais<\/p>\n\n\n\n<p>Maria de F\u00e1tima Belo I.C.C. Belo \u00e9 natural de Baucau, Timor-Leste. Iniciou a sua carreira como empreiteira privada na constru\u00e7\u00e3o civil de 1991 at\u00e9 ao presente, e atualmente \u00e9 a CEO da sua empresa (Nautetu UNIP, Lda). A Maria tornou-se membro da AEMTL em 2012. Durante a sua filia\u00e7\u00e3o na AEMTL, foi tamb\u00e9m nomeada vice-presidente da Comiss\u00e3o G na legislatura 2015-2017. Ap\u00f3s o seu mandato no parlamento, come\u00e7ou a dedicar os seus esfor\u00e7os \u00e0 associa\u00e7\u00e3o e foi eleita Vice-Presidente do sector da Agricultura em 2017 at\u00e9 agora. Maria deseja melhorar a gest\u00e3o empresarial e as compet\u00eancias da associa\u00e7\u00e3o para aumentar a sua influ\u00eancia nas empresas que promovem a localidade no sector da agricultura (ou seja, cultivo, sustentabilidade, pesca, pecu\u00e1ria, etc.).<\/p>\n<\/div>\n<\/div>\n\n\n\n<hr class=\"wp-block-separator has-alpha-channel-opacity is-style-wide\"\/>\n\n\n\n<div class=\"wp-block-columns is-layout-flex wp-container-core-columns-is-layout-5 wp-block-columns-is-layout-flex\">\n<div class=\"wp-block-column is-layout-flow wp-block-column-is-layout-flow\" style=\"flex-basis:33.33%\">\n<figure class=\"wp-block-image size-full\"><img loading=\"lazy\" decoding=\"async\" width=\"790\" height=\"790\" src=\"https:\/\/aemtl.org\/wp-content\/uploads\/2025\/01\/Maria-Carla-Goncalves-Tilman.png\" alt=\"\" class=\"wp-image-268\" srcset=\"https:\/\/aemtl.org\/wp-content\/uploads\/2025\/01\/Maria-Carla-Goncalves-Tilman.png 790w, https:\/\/aemtl.org\/wp-content\/uploads\/2025\/01\/Maria-Carla-Goncalves-Tilman-300x300.png 300w, https:\/\/aemtl.org\/wp-content\/uploads\/2025\/01\/Maria-Carla-Goncalves-Tilman-150x150.png 150w, https:\/\/aemtl.org\/wp-content\/uploads\/2025\/01\/Maria-Carla-Goncalves-Tilman-768x768.png 768w\" sizes=\"auto, (max-width: 790px) 100vw, 790px\" \/><\/figure>\n<\/div>\n\n\n\n<div class=\"wp-block-column is-layout-flow wp-block-column-is-layout-flow\" style=\"flex-basis:66.66%\">\n<p class=\"has-custom-blue-color has-text-color has-link-color wp-elements-3a90ace5f018a42bc65e91ae7c5726b0\" style=\"font-size:clamp(16.293px, 1.018rem + ((1vw - 3.2px) * 0.907), 25px);line-height:1.2\"><strong>Maria Carla Gon\u00e7alves Tilman<\/strong><br>Vice-Presidente de Infraestruturas e Recursos Naturais<\/p>\n\n\n\n<p>Nascida em 1973, tem forma\u00e7\u00e3o acad\u00e9mica em Inform\u00e1tica de Gest\u00e3o na Universidade Bina Nusantara (BINUS) em Jacarta. Iniciou a sua carreira em 1994 como executiva de contas na PT Rimbadana Brokerindo Jakarta e continuou a sua carreira em 1996 como gestora de marketing na Mira Furniture UBUD, Bali, e em 1999 ingressou na Organiza\u00e7\u00e3o Internacional das Migra\u00e7\u00f5es (OIM) em Jacarta. Em 1999, juntou-se tamb\u00e9m ao UNWFP como Analista de Processamento de Dados de Mercadorias (COMPAS) em Dili, como Consultora de Neg\u00f3cios no Hotel Dili em 2001 e em 2004 fundou o Arvec Group Lda. Foi a primeira pessoa a receber um certificado de investimento do IADE como investidora local. Em 2023, foi Vice-Presidente de Infra-estruturas e Recursos Naturais da Associa\u00e7\u00e3o Empresarial de Mulheres de Timor-Leste (AEMTL), Presidente da Associa\u00e7\u00e3o Empresarial de Mulheres da Constru\u00e7\u00e3o de Timor-Leste (AECTL) e Vice-Presidente de Cooperativas da C\u00e2mara de Com\u00e9rcio e Ind\u00fastria de Timor-Leste (CCI-TL).<\/p>\n<\/div>\n<\/div>\n\n\n\n<hr class=\"wp-block-separator has-alpha-channel-opacity is-style-wide\"\/>\n\n\n\n<div class=\"wp-block-columns is-layout-flex wp-container-core-columns-is-layout-6 wp-block-columns-is-layout-flex\">\n<div class=\"wp-block-column is-layout-flow wp-block-column-is-layout-flow\" style=\"flex-basis:33.33%\">\n<figure class=\"wp-block-image size-full\"><img loading=\"lazy\" decoding=\"async\" width=\"790\" height=\"790\" src=\"https:\/\/aemtl.org\/wp-content\/uploads\/2025\/01\/Ana-Paula-Torres-Godinho.png\" alt=\"\" class=\"wp-image-269\" srcset=\"https:\/\/aemtl.org\/wp-content\/uploads\/2025\/01\/Ana-Paula-Torres-Godinho.png 790w, https:\/\/aemtl.org\/wp-content\/uploads\/2025\/01\/Ana-Paula-Torres-Godinho-300x300.png 300w, https:\/\/aemtl.org\/wp-content\/uploads\/2025\/01\/Ana-Paula-Torres-Godinho-150x150.png 150w, https:\/\/aemtl.org\/wp-content\/uploads\/2025\/01\/Ana-Paula-Torres-Godinho-768x768.png 768w\" sizes=\"auto, (max-width: 790px) 100vw, 790px\" \/><\/figure>\n<\/div>\n\n\n\n<div class=\"wp-block-column is-layout-flow wp-block-column-is-layout-flow\" style=\"flex-basis:66.66%\">\n<p class=\"has-custom-blue-color has-text-color has-link-color wp-elements-cfa40ce10a57ed4602d306d773ff9f58\" style=\"font-size:clamp(16.293px, 1.018rem + ((1vw - 3.2px) * 0.907), 25px);line-height:1.2\"><strong>Ana Paula Torres Godinho<\/strong><br>Vice-Presidente Turismo e Com\u00e9rcio<\/p>\n\n\n\n<p>Ana Paula Torres Godinho, \u00e9 Vice-Presidente de Com\u00e9rcio e Turismo da AEMTL. \u00c9 diretora da TENIZILAX Unipessoal Lda que desenvolve as suas atividades na \u00e1rea dos servi\u00e7os de limpeza, constru\u00e7\u00e3o, trabalhos el\u00e9tricos e abastecimento geral. Paula est\u00e1 envolvida na AEMTL desde 2010 at\u00e9 agora. Desde o \u00faltimo mandato \u00e9 respons\u00e1vel como membro de secret\u00e1ria e uma das Vice-Presidente da C\u00e2mara de Com\u00e9rcio de Timor-Leste pela Confer\u00eancia e organizadora de reuni\u00f5es. Paula preenche o total satisfat\u00f3rio da AEMTL, especialmente na forma como a AEMTL oferece oportunidades para mulheres de diferentes \u00e1reas de neg\u00f3cio para implementar atividades de cadeias de valor e apoiar neg\u00f3cios uns aos outros. Iniciou o seu percurso empreendedor em 2006, inicialmente focado na sua empresa e fam\u00edlia. Depois de se envolver com a AEMTL, Paula est\u00e1 a fazer o seu neg\u00f3cio e a desempenhar o seu papel na AEMTL com o princ\u00edpio e a miss\u00e3o de que &#8220;\u00e9 ordin\u00e1rio se pudermos fazer as coisas boas por n\u00f3s mesmos e \u00e9 extraordin\u00e1rio se pudermos fazer coisas boas aos outros&#8221;.<\/p>\n<\/div>\n<\/div>\n\n\n\n<hr class=\"wp-block-separator has-alpha-channel-opacity is-style-wide\"\/>\n\n\n\n<div class=\"wp-block-columns is-layout-flex wp-container-core-columns-is-layout-7 wp-block-columns-is-layout-flex\">\n<div class=\"wp-block-column is-layout-flow wp-block-column-is-layout-flow\" style=\"flex-basis:33.33%\">\n<figure class=\"wp-block-image size-full\"><img loading=\"lazy\" decoding=\"async\" width=\"790\" height=\"790\" src=\"https:\/\/aemtl.org\/wp-content\/uploads\/2025\/01\/Sandra-F.png\" alt=\"\" class=\"wp-image-272\" srcset=\"https:\/\/aemtl.org\/wp-content\/uploads\/2025\/01\/Sandra-F.png 790w, https:\/\/aemtl.org\/wp-content\/uploads\/2025\/01\/Sandra-F-300x300.png 300w, https:\/\/aemtl.org\/wp-content\/uploads\/2025\/01\/Sandra-F-150x150.png 150w, https:\/\/aemtl.org\/wp-content\/uploads\/2025\/01\/Sandra-F-768x768.png 768w\" sizes=\"auto, (max-width: 790px) 100vw, 790px\" \/><\/figure>\n<\/div>\n\n\n\n<div class=\"wp-block-column is-layout-flow wp-block-column-is-layout-flow\" style=\"flex-basis:66.66%\">\n<p class=\"has-custom-blue-color has-text-color has-link-color wp-elements-f9da6454cffd478968ceff29dd732b20\" style=\"font-size:clamp(16.293px, 1.018rem + ((1vw - 3.2px) * 0.907), 25px);line-height:1.2\"><strong>Sandra F. Alves do Rego<\/strong><br>Vice-Presidente Ind\u00fastria Criativa e Empresas Sociais<\/p>\n\n\n\n<p>Sandra F.Alves do R\u00e8go \u00e9 natural de Manatuto, Timor-Leste Iniciou a sua carreira como empreiteira privada na constru\u00e7\u00e3o civil de 2004 at\u00e9 ao presente e \u00e9 atualmente Diretora da empresa Rafflesia Unip. Lda. Sandra tornou-se membro da AEMTL em 2008. Durante a sua filia\u00e7\u00e3o foi tamb\u00e9m nomeada vice-presidente da AEMTL em 2012-2014. Ap\u00f3s o seu mandato, ela come\u00e7ou a gest\u00e3o de neg\u00f3cios e habilidade para aumentar a sua influ\u00eancia nos neg\u00f3cios, a promo\u00e7\u00e3o local, criativo de tais e fornecedor geral.<\/p>\n<\/div>\n<\/div>\n\n\n\n<hr class=\"wp-block-separator has-alpha-channel-opacity is-style-wide\"\/>\n\n\n\n<div class=\"wp-block-columns is-layout-flex wp-container-core-columns-is-layout-8 wp-block-columns-is-layout-flex\">\n<div class=\"wp-block-column is-layout-flow wp-block-column-is-layout-flow\" style=\"flex-basis:33.33%\">\n<figure class=\"wp-block-image size-full\"><img loading=\"lazy\" decoding=\"async\" width=\"790\" height=\"790\" src=\"https:\/\/aemtl.org\/wp-content\/uploads\/2025\/01\/Ana-Lobo.png\" alt=\"\" class=\"wp-image-275\" srcset=\"https:\/\/aemtl.org\/wp-content\/uploads\/2025\/01\/Ana-Lobo.png 790w, https:\/\/aemtl.org\/wp-content\/uploads\/2025\/01\/Ana-Lobo-300x300.png 300w, https:\/\/aemtl.org\/wp-content\/uploads\/2025\/01\/Ana-Lobo-150x150.png 150w, https:\/\/aemtl.org\/wp-content\/uploads\/2025\/01\/Ana-Lobo-768x768.png 768w\" sizes=\"auto, (max-width: 790px) 100vw, 790px\" \/><\/figure>\n<\/div>\n\n\n\n<div class=\"wp-block-column is-layout-flow wp-block-column-is-layout-flow\" style=\"flex-basis:66.66%\">\n<p class=\"has-custom-blue-color has-text-color has-link-color wp-elements-a721ef4585b53082807ab38cc422a096\" style=\"font-size:clamp(16.293px, 1.018rem + ((1vw - 3.2px) * 0.907), 25px);line-height:1.2\"><strong>Ana Gama Lobo<\/strong><br>Vice-Presidente do Setor Terci\u00e1rio<\/p>\n\n\n\n<p>Ana G.C. Lobo nasceu em Lacluta. Decidiu seguir as suas aspira\u00e7\u00f5es acad\u00e9micas ao n\u00edvel do ensino superior, onde obteve com \u00eaxito a sua licenciatura em 2000. Em 2004, ela deu um passo significativo ao fundar a Visio Dei, seu empreendimento com foco em servi\u00e7os de catering, fornecimento geral e constru\u00e7\u00e3o. Ao longo dos anos, a sua empresa tem demonstrado resili\u00eancia e crescimento, mantendo-se pr\u00f3spera at\u00e9 aos dias de hoje. Em 2020, aceitou a responsabilidade de ser vice-presidente da Comunidade Cat\u00f3lica Carism\u00e1tica na par\u00f3quia de Bekora, cargo que ocupa desde ent\u00e3o. Al\u00e9m disso, em 2021, expandiu o seu envolvimento ao assumir o cargo de Coordenadora dentro da organiza\u00e7\u00e3o das Mulheres Cat\u00f3licas no Bekora Perish, fun\u00e7\u00e3o que continua a desempenhar com dedica\u00e7\u00e3o. Atualmente, participa ativamente como membro da organiza\u00e7\u00e3o da AEMTL, contribuindo com o seu tempo e esfor\u00e7os para os seus objetivos e iniciativas<\/p>\n<\/div>\n<\/div>\n\n\n\n<hr class=\"wp-block-separator has-alpha-channel-opacity is-style-wide\"\/>\n\n\n\n<div class=\"wp-block-columns is-layout-flex wp-container-core-columns-is-layout-9 wp-block-columns-is-layout-flex\">\n<div class=\"wp-block-column is-layout-flow wp-block-column-is-layout-flow\" style=\"flex-basis:33.33%\">\n<figure class=\"wp-block-image size-full\"><img loading=\"lazy\" decoding=\"async\" width=\"790\" height=\"790\" src=\"https:\/\/aemtl.org\/wp-content\/uploads\/2025\/01\/Leontida-dos-Santos-Miranda.png\" alt=\"\" class=\"wp-image-276\" srcset=\"https:\/\/aemtl.org\/wp-content\/uploads\/2025\/01\/Leontida-dos-Santos-Miranda.png 790w, https:\/\/aemtl.org\/wp-content\/uploads\/2025\/01\/Leontida-dos-Santos-Miranda-300x300.png 300w, https:\/\/aemtl.org\/wp-content\/uploads\/2025\/01\/Leontida-dos-Santos-Miranda-150x150.png 150w, https:\/\/aemtl.org\/wp-content\/uploads\/2025\/01\/Leontida-dos-Santos-Miranda-768x768.png 768w\" sizes=\"auto, (max-width: 790px) 100vw, 790px\" \/><\/figure>\n<\/div>\n\n\n\n<div class=\"wp-block-column is-layout-flow wp-block-column-is-layout-flow\" style=\"flex-basis:66.66%\">\n<p class=\"has-custom-blue-color has-text-color has-link-color wp-elements-fc32600fba8c614c5c0f43566bd17bb9\" style=\"font-size:clamp(16.293px, 1.018rem + ((1vw - 3.2px) * 0.907), 25px);line-height:1.2\"><strong>Leontina dos Santos Miranda<\/strong><br>Secret\u00e1ria Coordenadora<\/p>\n\n\n\n<p>Leontina dos Santos Miranda cresceu em Ermera Timor-Leste, formou-se na Universidade Udayana em Bali Indon\u00e9sia, com uma licenciatura em Agricultura. Passou 10 anos nos Estados Unidos a trabalhar na ind\u00fastria de alimentos e bebidas. Posteriormente, regressou a Timor-Leste, onde participou no redesenvolvimento das infraestruturas do novo pa\u00eds, iniciando o seu pr\u00f3prio neg\u00f3cio chamado Royal Timorese. Tamb\u00e9m facilitou a forma\u00e7\u00e3o de mulheres e jovens rurais para os preparar para os seus pr\u00f3prios neg\u00f3cios locais em rela\u00e7\u00e3o aos produtos da ind\u00fastria dom\u00e9stica (Tais). Leontina tornou-se membro da AEMTL em 2010 e \u00e9 atualmente a coordenadora do Secretariado da AEMTL. Ela deseja contribuir com o seu conhecimento e a sua experi\u00eancia de trabalho anterior para melhorar as capacidades do grupo nos seus neg\u00f3cios futuros.<\/p>\n<\/div>\n<\/div>\n\n\n\n<hr class=\"wp-block-separator has-alpha-channel-opacity is-style-wide\"\/>\n\n\n\n<div class=\"wp-block-columns is-layout-flex wp-container-core-columns-is-layout-10 wp-block-columns-is-layout-flex\">\n<div class=\"wp-block-column is-layout-flow wp-block-column-is-layout-flow\" style=\"flex-basis:33.33%\">\n<figure class=\"wp-block-image size-full\"><img loading=\"lazy\" decoding=\"async\" width=\"790\" height=\"790\" src=\"https:\/\/aemtl.org\/wp-content\/uploads\/2025\/01\/Aquelina-Cristina-da-Costa-Ribeiro.png\" alt=\"\" class=\"wp-image-279\" srcset=\"https:\/\/aemtl.org\/wp-content\/uploads\/2025\/01\/Aquelina-Cristina-da-Costa-Ribeiro.png 790w, https:\/\/aemtl.org\/wp-content\/uploads\/2025\/01\/Aquelina-Cristina-da-Costa-Ribeiro-300x300.png 300w, https:\/\/aemtl.org\/wp-content\/uploads\/2025\/01\/Aquelina-Cristina-da-Costa-Ribeiro-150x150.png 150w, https:\/\/aemtl.org\/wp-content\/uploads\/2025\/01\/Aquelina-Cristina-da-Costa-Ribeiro-768x768.png 768w\" sizes=\"auto, (max-width: 790px) 100vw, 790px\" \/><\/figure>\n<\/div>\n\n\n\n<div class=\"wp-block-column is-layout-flow wp-block-column-is-layout-flow\" style=\"flex-basis:66.66%\">\n<p class=\"has-custom-blue-color has-text-color has-link-color wp-elements-6981ba973da202c3dc37c49da781b617\" style=\"font-size:clamp(16.293px, 1.018rem + ((1vw - 3.2px) * 0.907), 25px);line-height:1.2\"><strong>Aquelina Cristina da Costa Ribeiro<\/strong><br>Tesoureira<\/p>\n\n\n\n<p>I&#8217;ll translate this text about Aquelina Cristina da Costa Ribeiro from Tetum to English:<\/p>\n\n\n\n<p>Aquelina Cristina da Costa Ribeiro cresceu em Dili, Timor-Leste. Foi uma das fundadoras da AEMTL em 2008, Atualmente \u00e9 m\u00e3e de sete filhos. Come\u00e7ou o seu neg\u00f3cio no setor do catering na empresa KETY NUNES CATERING &#038; BAKERY LDA, em 2016. \u00c9 tamb\u00e9m a propriet\u00e1ria da Guest House em Manleuana Dili.<\/p>\n<\/div>\n<\/div>\n\n\n\n<hr class=\"wp-block-separator has-alpha-channel-opacity is-style-wide\"\/>\n\n\n\n<div class=\"wp-block-columns is-layout-flex wp-container-core-columns-is-layout-11 wp-block-columns-is-layout-flex\">\n<div class=\"wp-block-column is-layout-flow wp-block-column-is-layout-flow\" style=\"flex-basis:33.33%\">\n<figure class=\"wp-block-image size-full\"><img loading=\"lazy\" decoding=\"async\" width=\"790\" height=\"790\" src=\"https:\/\/aemtl.org\/wp-content\/uploads\/2025\/01\/Frederica-Rosa.png\" alt=\"\" class=\"wp-image-280\" srcset=\"https:\/\/aemtl.org\/wp-content\/uploads\/2025\/01\/Frederica-Rosa.png 790w, https:\/\/aemtl.org\/wp-content\/uploads\/2025\/01\/Frederica-Rosa-300x300.png 300w, https:\/\/aemtl.org\/wp-content\/uploads\/2025\/01\/Frederica-Rosa-150x150.png 150w, https:\/\/aemtl.org\/wp-content\/uploads\/2025\/01\/Frederica-Rosa-768x768.png 768w\" sizes=\"auto, (max-width: 790px) 100vw, 790px\" \/><\/figure>\n<\/div>\n\n\n\n<div class=\"wp-block-column is-layout-flow wp-block-column-is-layout-flow\" style=\"flex-basis:66.66%\">\n<p class=\"has-custom-blue-color has-text-color has-link-color wp-elements-c3f254af1cbd56e92de3951a517f73d8\" style=\"font-size:clamp(16.293px, 1.018rem + ((1vw - 3.2px) * 0.907), 25px);line-height:1.2\"><strong>Frederica Rosa<\/strong><br>I Vice-Secret\u00e1ria<\/p>\n\n\n\n<p>Frederica Rosa ou Ujuh (como \u00e9 conhecida entre as amigas) \u00e9 associada desde 2021. Gra\u00e7as \u00e0 sua rede de contactos, \u00e9 atualmente uma das Secret\u00e1rias do Conselho Executivo da AEMTL. Desde 2012 e at\u00e9 hoje, tem trabalhado esporadicamente como pesquisadora e assistente de pesquisa com acad\u00e9micos do Royal Melbourne Institute of Technology, uma universidade australiana. A sua experi\u00eancia de trabalho com a comunidade internacional levou a que escolhesse a \u00e1rea de neg\u00f3cios. Atualmente, a Frederica \u00e9 diretora e gerente da Arsa Rosa Felix Unipessoal Lda. O neg\u00f3cio da Frederica centra-se, principalmente, nos jovens timorenses que trabalham para poderem assegurar os estudos. Enquanto jovem empreendedora, teve tamb\u00e9m a oportunidade de representar o seu amado pa\u00eds, Timor-Leste, atrav\u00e9s do PNUD, tornando-se coautora do livro &#8220;We Have a Dream&#8221;, que deu origem ao seu neg\u00f3cio. Al\u00e9m de tudo isto, a Frederica est\u00e1 a terminar, na Universidade DIT, os estudos em Gest\u00e3o de Empresas para melhorar as suas compet\u00eancias empresariais.<\/p>\n<\/div>\n<\/div>\n\n\n\n<hr class=\"wp-block-separator has-alpha-channel-opacity is-style-wide\"\/>\n\n\n\n<div class=\"wp-block-columns is-layout-flex wp-container-core-columns-is-layout-12 wp-block-columns-is-layout-flex\">\n<div class=\"wp-block-column is-layout-flow wp-block-column-is-layout-flow\" style=\"flex-basis:33.33%\">\n<figure class=\"wp-block-image size-full\"><img loading=\"lazy\" decoding=\"async\" width=\"790\" height=\"790\" src=\"https:\/\/aemtl.org\/wp-content\/uploads\/2025\/01\/Ana-Borges-Fatima.png\" alt=\"\" class=\"wp-image-283\" srcset=\"https:\/\/aemtl.org\/wp-content\/uploads\/2025\/01\/Ana-Borges-Fatima.png 790w, https:\/\/aemtl.org\/wp-content\/uploads\/2025\/01\/Ana-Borges-Fatima-300x300.png 300w, https:\/\/aemtl.org\/wp-content\/uploads\/2025\/01\/Ana-Borges-Fatima-150x150.png 150w, https:\/\/aemtl.org\/wp-content\/uploads\/2025\/01\/Ana-Borges-Fatima-768x768.png 768w\" sizes=\"auto, (max-width: 790px) 100vw, 790px\" \/><\/figure>\n<\/div>\n\n\n\n<div class=\"wp-block-column is-layout-flow wp-block-column-is-layout-flow\" style=\"flex-basis:66.66%\">\n<p class=\"has-custom-blue-color has-text-color has-link-color wp-elements-84d0c4a1e4460f8e3adfff3b845d2d8a\" style=\"font-size:clamp(16.293px, 1.018rem + ((1vw - 3.2px) * 0.907), 25px);line-height:1.2\"><strong>Ana Borges F\u00e1tima<\/strong><br>Vice-Secret\u00e1ria<\/p>\n\n\n\n<p>Ana Borges F\u00e1tima come\u00e7ou recentemente a exercer o cargo de vice-secret\u00e1ria da nossa associa\u00e7\u00e3o. \u00c9 licenciada pela Universidade Nacional de Timor-Leste (UNTL), na \u00e1rea de Agricultura com especializa\u00e7\u00e3o em Agro-Socio-Economia. Em 2015, antes de ingressar na AEMTL, a Ana tinha um pequeno neg\u00f3cio de cultivo de baunilha, cravo e pimenta em Balibar, D\u00edli. Com falta de capital para impulsionar os seus pequenos neg\u00f3cios, decidiu come\u00e7ar a trabalhar por conta de outrem para poupar dinheiro e obter capital para desenvolver os seus projetos agr\u00edcolas. A Ana adquiriu uma experi\u00eancia significativa atrav\u00e9s da sua participa\u00e7\u00e3o em forma\u00e7\u00f5es promovidas pela AEMTL e em 2018 fundou a sua pr\u00f3pria empresa, a Misajoma Unip.Lda.<\/p>\n<\/div>\n<\/div>\n\n\n\n<hr class=\"wp-block-separator has-alpha-channel-opacity is-style-wide\"\/>\n<\/div>\n\n\n\n<p><\/p>\n\n\n\n<p><\/p>\n","protected":false},"excerpt":{"rendered":"<p>Capacitamos as mulheres timorenses para que desenvolvam as suas atividades no setor privado.Incentivamos e motivamos as associadas a trabalharem em conjunto &#8211; e a criarem linhas de coopera\u00e7\u00e3o entre si, com outras organiza\u00e7\u00f5es do setor privado, com cooperativas e com o Governo &#8211; em prol do desenvolvimento econ\u00f3mico nacional.Ajudamos e promovemos as associadas a encontrar [&hellip;]<\/p>\n","protected":false},"author":1,"featured_media":0,"parent":19,"menu_order":0,"comment_status":"closed","ping_status":"closed","template":"","meta":{"footnotes":""},"class_list":["post-28","page","type-page","status-publish","hentry"],"_links":{"self":[{"href":"https:\/\/aemtl.org\/pt\/wp-json\/wp\/v2\/pages\/28","targetHints":{"allow":["GET"]}}],"collection":[{"href":"https:\/\/aemtl.org\/pt\/wp-json\/wp\/v2\/pages"}],"about":[{"href":"https:\/\/aemtl.org\/pt\/wp-json\/wp\/v2\/types\/page"}],"author":[{"embeddable":true,"href":"https:\/\/aemtl.org\/pt\/wp-json\/wp\/v2\/users\/1"}],"replies":[{"embeddable":true,"href":"https:\/\/aemtl.org\/pt\/wp-json\/wp\/v2\/comments?post=28"}],"version-history":[{"count":20,"href":"https:\/\/aemtl.org\/pt\/wp-json\/wp\/v2\/pages\/28\/revisions"}],"predecessor-version":[{"id":1182,"href":"https:\/\/aemtl.org\/pt\/wp-json\/wp\/v2\/pages\/28\/revisions\/1182"}],"up":[{"embeddable":true,"href":"https:\/\/aemtl.org\/pt\/wp-json\/wp\/v2\/pages\/19"}],"wp:attachment":[{"href":"https:\/\/aemtl.org\/pt\/wp-json\/wp\/v2\/media?parent=28"}],"curies":[{"name":"wp","href":"https:\/\/api.w.org\/{rel}","templated":true}]}}