{"id":95,"date":"2024-12-28T12:51:04","date_gmt":"2024-12-28T12:51:04","guid":{"rendered":"https:\/\/aemtl.org\/ss\/"},"modified":"2025-06-26T04:35:55","modified_gmt":"2025-06-26T04:35:55","slug":"news","status":"publish","type":"page","link":"https:\/\/aemtl.org\/pt\/news\/","title":{"rendered":"Not\u00edcias"},"content":{"rendered":"<ul style=\"padding-right:0;padding-left:0;padding-top:0;padding-bottom:0;\" class=\"wp-block-latest-posts__list has-link-color wp-elements-bcdce0fbe1209ae1c764fe539793cfc1 wp-block-latest-posts\"><li><div class=\"wp-block-latest-posts__featured-image alignleft\"><img loading=\"lazy\" decoding=\"async\" width=\"150\" height=\"150\" src=\"https:\/\/aemtl.org\/wp-content\/uploads\/2025\/08\/IMG-20250804-WA0006-150x150.jpg\" class=\"attachment-thumbnail size-thumbnail wp-post-image\" alt=\"\" style=\"\" \/><\/div><a class=\"wp-block-latest-posts__post-title\" href=\"https:\/\/aemtl.org\/pt\/divulgacao-dos-resultados-do-vi-6-congresso-nacional-das-mulheres-no-municipio-de-liquica\/\">DIVULGA\u00c7\u00c3O DOS RESULTADOS DO VI (6) CONGRESSO NACIONAL DAS MULHERES  NO MUNIC\u00cdPIO DE LIQUI\u00c7\u00c1<\/a><div class=\"wp-block-latest-posts__post-excerpt\">Liqui\u00e7\u00e1, 17 de julho de 2025 \u2013 A Associa\u00e7\u00e3o Empresarial das Mulheres de Timor-Leste (AEMTL), como membro\u2026 <a class=\"wp-block-latest-posts__read-more\" href=\"https:\/\/aemtl.org\/pt\/divulgacao-dos-resultados-do-vi-6-congresso-nacional-das-mulheres-no-municipio-de-liquica\/\" rel=\"noopener noreferrer\">Leia mais<span class=\"screen-reader-text\">: DIVULGA\u00c7\u00c3O DOS RESULTADOS DO VI (6) CONGRESSO NACIONAL DAS MULHERES  NO MUNIC\u00cdPIO DE LIQUI\u00c7\u00c1<\/span><\/a><\/div><\/li>\n<li><div class=\"wp-block-latest-posts__featured-image alignleft\"><img loading=\"lazy\" decoding=\"async\" width=\"150\" height=\"150\" src=\"https:\/\/aemtl.org\/wp-content\/uploads\/2025\/08\/IMG-20250804-WA0010-150x150.jpg\" class=\"attachment-thumbnail size-thumbnail wp-post-image\" alt=\"\" style=\"\" \/><\/div><a class=\"wp-block-latest-posts__post-title\" href=\"https:\/\/aemtl.org\/pt\/conferencia-de-imprensa-lancamento-dos-premios-mulheres-empreendedoras-de-timor-leste-2025\/\">Workshop Regional da ASEAN sobre Cria\u00e7\u00e3o e Formaliza\u00e7\u00e3o de Empregos.<\/a><div class=\"wp-block-latest-posts__post-excerpt\">Luangprabang, Lao PDR, 23\u201324 Julho 2025 O objetivo \u00e9 discutir a conex\u00e3o entre investimento, com\u00e9rcio e pol\u00edticas\u2026 <a class=\"wp-block-latest-posts__read-more\" href=\"https:\/\/aemtl.org\/pt\/conferencia-de-imprensa-lancamento-dos-premios-mulheres-empreendedoras-de-timor-leste-2025\/\" rel=\"noopener noreferrer\">Leia mais<span class=\"screen-reader-text\">: Workshop Regional da ASEAN sobre Cria\u00e7\u00e3o e Formaliza\u00e7\u00e3o de Empregos.<\/span><\/a><\/div><\/li>\n<li><div class=\"wp-block-latest-posts__featured-image alignleft\"><img loading=\"lazy\" decoding=\"async\" width=\"150\" height=\"150\" src=\"https:\/\/aemtl.org\/wp-content\/uploads\/2025\/08\/1754146287282-150x150.jpg\" class=\"attachment-thumbnail size-thumbnail wp-post-image\" alt=\"\" style=\"\" \/><\/div><a class=\"wp-block-latest-posts__post-title\" href=\"https:\/\/aemtl.org\/pt\/workshop-rejional-asean-kona-ba-kriasaun-no-formalizasaun-empregu\/\">Semin\u00e1rio sobre o conceito do banco nacional de desenvolvimento de timor-leste, como passo decisivo na constru\u00e7\u00e3o de uma economia forte, inclusiva e diversificada<\/a><div class=\"wp-block-latest-posts__post-excerpt\">D\u00edli, 1 de agosto de 2025 A Presidente da Associa\u00e7\u00e3o Empresarial das Mulheres de Timor-Leste, Sra. Hergui\u2026 <a class=\"wp-block-latest-posts__read-more\" href=\"https:\/\/aemtl.org\/pt\/workshop-rejional-asean-kona-ba-kriasaun-no-formalizasaun-empregu\/\" rel=\"noopener noreferrer\">Leia mais<span class=\"screen-reader-text\">: Semin\u00e1rio sobre o conceito do banco nacional de desenvolvimento de timor-leste, como passo decisivo na constru\u00e7\u00e3o de uma economia forte, inclusiva e diversificada<\/span><\/a><\/div><\/li>\n<li><div class=\"wp-block-latest-posts__featured-image alignleft\"><img loading=\"lazy\" decoding=\"async\" width=\"150\" height=\"150\" src=\"https:\/\/aemtl.org\/wp-content\/uploads\/2025\/08\/1754655239735-150x150.jpg\" class=\"attachment-thumbnail size-thumbnail wp-post-image\" alt=\"\" style=\"\" \/><\/div><a class=\"wp-block-latest-posts__post-title\" href=\"https:\/\/aemtl.org\/pt\/seminario-sobre-o-conceito-do-banco-nacional-de-desenvolvimento-de-timor-leste-como-passo-decisivo-na-construcao-de-uma-economia-forte-inclusiva-e-diversificada\/\">Confer\u00eancia de Economia e Neg\u00f3cios entre Timor-Leste e Austr\u00e1lia<\/a><div class=\"wp-block-latest-posts__post-excerpt\">D\u00edli, 7\u20138 de agosto de 2025 Na confer\u00eancia, a Presidente da AEMTL, Sra. Hergui Luina Fernandes Alves,\u2026 <a class=\"wp-block-latest-posts__read-more\" href=\"https:\/\/aemtl.org\/pt\/seminario-sobre-o-conceito-do-banco-nacional-de-desenvolvimento-de-timor-leste-como-passo-decisivo-na-construcao-de-uma-economia-forte-inclusiva-e-diversificada\/\" rel=\"noopener noreferrer\">Leia mais<span class=\"screen-reader-text\">: Confer\u00eancia de Economia e Neg\u00f3cios entre Timor-Leste e Austr\u00e1lia<\/span><\/a><\/div><\/li>\n<li><div class=\"wp-block-latest-posts__featured-image alignleft\"><img loading=\"lazy\" decoding=\"async\" width=\"150\" height=\"150\" src=\"https:\/\/aemtl.org\/wp-content\/uploads\/2025\/07\/504379062_1135118508638227_111595231097823792_n-150x150.jpg\" class=\"attachment-thumbnail size-thumbnail wp-post-image\" alt=\"\" style=\"\" \/><\/div><a class=\"wp-block-latest-posts__post-title\" href=\"https:\/\/aemtl.org\/pt\/partisipa-iha-forum-nasional-kona-ba-aksesu-feto-sira-ba-finanse-resiliente-ba-klima-no-teknolojia-baixo-karbone-neebe-organiza-husi-un-women-timor-leste\/\">Confer\u00eancia de Imprensa \u2013 Lan\u00e7amento dos Pr\u00e9mios Mulheres Empreendedoras de Timor-Leste 2025<\/a><div class=\"wp-block-latest-posts__post-excerpt\">Sexta-feira, 11 de julho de 2025 | Pal\u00e1cio Presidencial, Aitarak Laran, D\u00edli O Pr\u00e9mio Mulheres Empreendedoras de\u2026 <a class=\"wp-block-latest-posts__read-more\" href=\"https:\/\/aemtl.org\/pt\/partisipa-iha-forum-nasional-kona-ba-aksesu-feto-sira-ba-finanse-resiliente-ba-klima-no-teknolojia-baixo-karbone-neebe-organiza-husi-un-women-timor-leste\/\" rel=\"noopener noreferrer\">Leia mais<span class=\"screen-reader-text\">: Confer\u00eancia de Imprensa \u2013 Lan\u00e7amento dos Pr\u00e9mios Mulheres Empreendedoras de Timor-Leste 2025<\/span><\/a><\/div><\/li>\n<li><div class=\"wp-block-latest-posts__featured-image alignleft\"><img loading=\"lazy\" decoding=\"async\" width=\"150\" height=\"150\" src=\"https:\/\/aemtl.org\/wp-content\/uploads\/2025\/07\/IMG-20250713-WA0013-150x150.jpg\" class=\"attachment-thumbnail size-thumbnail wp-post-image\" alt=\"\" style=\"\" \/><\/div><a class=\"wp-block-latest-posts__post-title\" href=\"https:\/\/aemtl.org\/pt\/assertive-empowerment-motivation-trust-leadership-aemtl-meeting-with-timor-port\/\">Participou no F\u00f3rum Nacional sobre o Acess o das Mulheres a Financiamento Resiliente ao Clima e Tecnologias de Baixo Carbono, organizado pela UN Women Timor-Leste.<\/a><div class=\"wp-block-latest-posts__post-excerpt\">Dili, 10 de julho de 2025 A Presidente Interina da AEMTL, Sra. Maria Carla Gon\u00e7alves Tilman, participou\u2026 <a class=\"wp-block-latest-posts__read-more\" href=\"https:\/\/aemtl.org\/pt\/assertive-empowerment-motivation-trust-leadership-aemtl-meeting-with-timor-port\/\" rel=\"noopener noreferrer\">Leia mais<span class=\"screen-reader-text\">: Participou no F\u00f3rum Nacional sobre o Acess o das Mulheres a Financiamento Resiliente ao Clima e Tecnologias de Baixo Carbono, organizado pela UN Women Timor-Leste.<\/span><\/a><\/div><\/li>\n<li><div class=\"wp-block-latest-posts__featured-image alignleft\"><img loading=\"lazy\" decoding=\"async\" width=\"150\" height=\"150\" src=\"https:\/\/aemtl.org\/wp-content\/uploads\/2025\/07\/IMG-20250716-WA0001-150x150.jpg\" class=\"attachment-thumbnail size-thumbnail wp-post-image\" alt=\"\" style=\"\" \/><\/div><a class=\"wp-block-latest-posts__post-title\" href=\"https:\/\/aemtl.org\/pt\/associacao-empresarial-das-mulheres-de-timor-leste-aemtl-asina-akordu-servisu-hamutuk-ho-ifc\/\">Associa\u00e7\u00e3o Empresarial das Mulheres de Timor-Leste (AEMTL) realiza Reuni\u00e3o com ao Timor Port.<\/a><div class=\"wp-block-latest-posts__post-excerpt\">Quinta-Feira 03 de Julho 2025 Associa\u00e7\u00e3o Empresarial das Mulheres de Timor-Leste (AEMTL) realiza Reuni\u00e3o com ao Timor\u2026 <a class=\"wp-block-latest-posts__read-more\" href=\"https:\/\/aemtl.org\/pt\/associacao-empresarial-das-mulheres-de-timor-leste-aemtl-asina-akordu-servisu-hamutuk-ho-ifc\/\" rel=\"noopener noreferrer\">Leia mais<span class=\"screen-reader-text\">: Associa\u00e7\u00e3o Empresarial das Mulheres de Timor-Leste (AEMTL) realiza Reuni\u00e3o com ao Timor Port.<\/span><\/a><\/div><\/li>\n<li><div class=\"wp-block-latest-posts__featured-image alignleft\"><img loading=\"lazy\" decoding=\"async\" width=\"150\" height=\"150\" src=\"https:\/\/aemtl.org\/wp-content\/uploads\/2025\/07\/WhatsApp-Image-2025-06-30-at-10.50.30_65b41b4b-150x150.jpg\" class=\"attachment-thumbnail size-thumbnail wp-post-image\" alt=\"\" style=\"\" \/><\/div><a class=\"wp-block-latest-posts__post-title\" href=\"https:\/\/aemtl.org\/pt\/seminariu-nasional-ho-topikufeto-sira-nia-empoderamentu-ekonomiku-valoriza-servisu-domestiku-no-promove-pratika-etika-empregu-nian\/\">The Association of Women Entrepreneurs of Timor-Leste (AEMTL) signed a cooperation agreement with IFC<\/a><div class=\"wp-block-latest-posts__post-excerpt\">30\/06\/2025 The Association of Women Entrepreneurs of Timor-Leste (AEMTL) signed a cooperation agreement with IFC in relation\u2026 <a class=\"wp-block-latest-posts__read-more\" href=\"https:\/\/aemtl.org\/pt\/seminariu-nasional-ho-topikufeto-sira-nia-empoderamentu-ekonomiku-valoriza-servisu-domestiku-no-promove-pratika-etika-empregu-nian\/\" rel=\"noopener noreferrer\">Leia mais<span class=\"screen-reader-text\">: The Association of Women Entrepreneurs of Timor-Leste (AEMTL) signed a cooperation agreement with IFC<\/span><\/a><\/div><\/li>\n<li><div class=\"wp-block-latest-posts__featured-image alignleft\"><img loading=\"lazy\" decoding=\"async\" width=\"150\" height=\"150\" src=\"https:\/\/aemtl.org\/wp-content\/uploads\/2025\/07\/505714957_1114742377342507_1767886205156466118_n-150x150.jpg\" class=\"attachment-thumbnail size-thumbnail wp-post-image\" alt=\"\" style=\"\" \/><\/div><a class=\"wp-block-latest-posts__post-title\" href=\"https:\/\/aemtl.org\/pt\/%f0%9d%9f%90%f0%9d%9f%91-%f0%9d%90%80%f0%9d%90%a7%f0%9d%90%a8%f0%9d%90%ac-%f0%9d%90%91%f0%9d%90%9e%f0%9d%90%ac%f0%9d%90%ad%f0%9d%90%9a%f0%9d%90%ae%f0%9d%90%ab%f0%9d%90%9aca%f0%9d%90%a8-%f0%9d%90%9d\/\">Semin\u00e1rio Nacional com o t\u00f3pico: &#8220;Empoderamento Econ\u00f4mico das Mulheres \u2013 Valoriza\u00e7\u00e3o do Trabalho Dom\u00e9stico e Promo\u00e7\u00e3o da Pr\u00e1tica \u00c9tica no Emprego.&#8221;<\/a><div class=\"wp-block-latest-posts__post-excerpt\">Dili, Sexta-Feira, 13 de Junho de 2025 Associa\u00e7\u00e3o Empresarial das Mulheres de Timor-Leste (AEMTL)Vice-Presidente de Empoderamento e\u2026 <a class=\"wp-block-latest-posts__read-more\" href=\"https:\/\/aemtl.org\/pt\/%f0%9d%9f%90%f0%9d%9f%91-%f0%9d%90%80%f0%9d%90%a7%f0%9d%90%a8%f0%9d%90%ac-%f0%9d%90%91%f0%9d%90%9e%f0%9d%90%ac%f0%9d%90%ad%f0%9d%90%9a%f0%9d%90%ae%f0%9d%90%ab%f0%9d%90%9aca%f0%9d%90%a8-%f0%9d%90%9d\/\" rel=\"noopener noreferrer\">Leia mais<span class=\"screen-reader-text\">: Semin\u00e1rio Nacional com o t\u00f3pico: &#8220;Empoderamento Econ\u00f4mico das Mulheres \u2013 Valoriza\u00e7\u00e3o do Trabalho Dom\u00e9stico e Promo\u00e7\u00e3o da Pr\u00e1tica \u00c9tica no Emprego.&#8221;<\/span><\/a><\/div><\/li>\n<li><div class=\"wp-block-latest-posts__featured-image alignleft\"><img loading=\"lazy\" decoding=\"async\" width=\"150\" height=\"150\" src=\"https:\/\/aemtl.org\/wp-content\/uploads\/2025\/07\/499427086_1093242996159112_6491002547038394520_n-150x150.jpg\" class=\"attachment-thumbnail size-thumbnail wp-post-image\" alt=\"\" style=\"\" \/><\/div><a class=\"wp-block-latest-posts__post-title\" href=\"https:\/\/aemtl.org\/pt\/award-ceremony-traditional-sestaria-design-contest\/\">\ud835\udfd0\ud835\udfd1 \ud835\udc00\ud835\udc27\ud835\udc28\ud835\udc2c \ud835\udc11\ud835\udc1e\ud835\udc2c\ud835\udc2d\ud835\udc1a\ud835\udc2e\ud835\udc2b\ud835\udc1a\u00e7\u00e3\ud835\udc28 \ud835\udc1d\ud835\udc1a \ud835\udc08\ud835\udc27\ud835\udc1d\ud835\udc1e\ud835\udc29\ud835\udc1e\ud835\udc27\ud835\udc1d\u00ea\ud835\udc27\ud835\udc1c\ud835\udc22\ud835\udc1a<\/a><div class=\"wp-block-latest-posts__post-excerpt\">20 DE MAIO 2025 As mulheres timorenses trabalham pela terra, pelo povo e pela na\u00e7\u00e3o \u2013 semeiam,\u2026 <a class=\"wp-block-latest-posts__read-more\" href=\"https:\/\/aemtl.org\/pt\/award-ceremony-traditional-sestaria-design-contest\/\" rel=\"noopener noreferrer\">Leia mais<span class=\"screen-reader-text\">: \ud835\udfd0\ud835\udfd1 \ud835\udc00\ud835\udc27\ud835\udc28\ud835\udc2c \ud835\udc11\ud835\udc1e\ud835\udc2c\ud835\udc2d\ud835\udc1a\ud835\udc2e\ud835\udc2b\ud835\udc1a\u00e7\u00e3\ud835\udc28 \ud835\udc1d\ud835\udc1a \ud835\udc08\ud835\udc27\ud835\udc1d\ud835\udc1e\ud835\udc29\ud835\udc1e\ud835\udc27\ud835\udc1d\u00ea\ud835\udc27\ud835\udc1c\ud835\udc22\ud835\udc1a<\/span><\/a><\/div><\/li>\n<li><div class=\"wp-block-latest-posts__featured-image alignleft\"><img loading=\"lazy\" decoding=\"async\" width=\"150\" height=\"150\" src=\"https:\/\/aemtl.org\/wp-content\/uploads\/2025\/07\/IMG-20250523-WA00291-150x150.jpg\" class=\"attachment-thumbnail size-thumbnail wp-post-image\" alt=\"\" style=\"\" \/><\/div><a class=\"wp-block-latest-posts__post-title\" href=\"https:\/\/aemtl.org\/pt\/23-years-of-independence-restoration-%f0%9f%87%b9%f0%9f%87%b1\/\">Realiza um encontro formal com Sua Excel\u00eancia o Ministro da Administra\u00e7\u00e3o Estatal (MAE), Sr. Tom\u00e1s do Ros\u00e1rio Cabral, na Sala do Gabinete do Ministro.<\/a><div class=\"wp-block-latest-posts__post-excerpt\">D\u00edli, sexta-feira, 23 de maio de 2025 A Presidente da Associa\u00e7\u00e3o Empresarial das Mulheres de Timor-Leste (AEMTL),\u2026 <a class=\"wp-block-latest-posts__read-more\" href=\"https:\/\/aemtl.org\/pt\/23-years-of-independence-restoration-%f0%9f%87%b9%f0%9f%87%b1\/\" rel=\"noopener noreferrer\">Leia mais<span class=\"screen-reader-text\">: Realiza um encontro formal com Sua Excel\u00eancia o Ministro da Administra\u00e7\u00e3o Estatal (MAE), Sr. Tom\u00e1s do Ros\u00e1rio Cabral, na Sala do Gabinete do Ministro.<\/span><\/a><\/div><\/li>\n<li><div class=\"wp-block-latest-posts__featured-image alignleft\"><img loading=\"lazy\" decoding=\"async\" width=\"150\" height=\"150\" src=\"https:\/\/aemtl.org\/wp-content\/uploads\/2025\/07\/IMG_7903-150x150.jpg\" class=\"attachment-thumbnail size-thumbnail wp-post-image\" alt=\"\" style=\"\" \/><\/div><a class=\"wp-block-latest-posts__post-title\" href=\"https:\/\/aemtl.org\/pt\/a-formal-meeting-with-his-excellency-the-minister-of-state-administration-mae-mr-tomas-do-rosario-cabral-in-the-ministers-office\/\">A Associa\u00e7\u00e3o Empresarial das Mulheres de Timor-Leste (AEMTL) e a International Finance Corporation (IFC) realizaram uma reuni\u00e3o com o Gabinete do Presidente da Rep\u00fablica para discutir os preparativos para a fase 2 dos Pr\u00eamios Mulheres nos Neg\u00f3cios de Timor-Leste em 2025.<\/a><div class=\"wp-block-latest-posts__post-excerpt\">O Pr\u00eamio Empreendedora de Timor-Leste \u00e9 uma iniciativa pioneira da International Finance Corporation (IFC) e da Associa\u00e7\u00e3o\u2026 <a class=\"wp-block-latest-posts__read-more\" href=\"https:\/\/aemtl.org\/pt\/a-formal-meeting-with-his-excellency-the-minister-of-state-administration-mae-mr-tomas-do-rosario-cabral-in-the-ministers-office\/\" rel=\"noopener noreferrer\">Leia mais<span class=\"screen-reader-text\">: A Associa\u00e7\u00e3o Empresarial das Mulheres de Timor-Leste (AEMTL) e a International Finance Corporation (IFC) realizaram uma reuni\u00e3o com o Gabinete do Presidente da Rep\u00fablica para discutir os preparativos para a fase 2 dos Pr\u00eamios Mulheres nos Neg\u00f3cios de Timor-Leste em 2025.<\/span><\/a><\/div><\/li>\n<li><div class=\"wp-block-latest-posts__featured-image alignleft\"><img loading=\"lazy\" decoding=\"async\" width=\"150\" height=\"150\" src=\"https:\/\/aemtl.org\/wp-content\/uploads\/2025\/07\/IMG_7911-150x150.jpg\" class=\"attachment-thumbnail size-thumbnail wp-post-image\" alt=\"\" style=\"\" \/><\/div><a class=\"wp-block-latest-posts__post-title\" href=\"https:\/\/aemtl.org\/pt\/the-timor-leste-business-womens-association-aemtl-together-with-the-international-finance-corporation-ifc-held-a-meeting-with-the-office-of-the-president-of-the-republic-to-discuss-the\/\">AEMTL assina acordo de colabora\u00e7\u00e3o com o MCAE<\/a><div class=\"wp-block-latest-posts__post-excerpt\">Quarta-feira, 11 de junho de 2025 Presidente assina acordo de colabora\u00e7\u00e3o com o MCAE para fundos de\u2026 <a class=\"wp-block-latest-posts__read-more\" href=\"https:\/\/aemtl.org\/pt\/the-timor-leste-business-womens-association-aemtl-together-with-the-international-finance-corporation-ifc-held-a-meeting-with-the-office-of-the-president-of-the-republic-to-discuss-the\/\" rel=\"noopener noreferrer\">Leia mais<span class=\"screen-reader-text\">: AEMTL assina acordo de colabora\u00e7\u00e3o com o MCAE<\/span><\/a><\/div><\/li>\n<li><div class=\"wp-block-latest-posts__featured-image alignleft\"><img loading=\"lazy\" decoding=\"async\" width=\"150\" height=\"150\" src=\"https:\/\/aemtl.org\/wp-content\/uploads\/2025\/07\/IMG-20250617-WA0007-150x150.jpg\" class=\"attachment-thumbnail size-thumbnail wp-post-image\" alt=\"\" style=\"\" \/><\/div><a class=\"wp-block-latest-posts__post-title\" href=\"https:\/\/aemtl.org\/pt\/aemtl-assina-acordo-de-colaboracao-com-o-mcae\/\">Participaram do Workshop sobre Inova\u00e7\u00e3o e Diversifica\u00e7\u00e3o Econ\u00f4mica em Timor-Leste<\/a><div class=\"wp-block-latest-posts__post-excerpt\">Embaixada do Jap\u00e3o em Dili, 13 de junho de 2025 Presidente da Associa\u00e7\u00e3o Empresarial das Mulheres de\u2026 <a class=\"wp-block-latest-posts__read-more\" href=\"https:\/\/aemtl.org\/pt\/aemtl-assina-acordo-de-colaboracao-com-o-mcae\/\" rel=\"noopener noreferrer\">Leia mais<span class=\"screen-reader-text\">: Participaram do Workshop sobre Inova\u00e7\u00e3o e Diversifica\u00e7\u00e3o Econ\u00f4mica em Timor-Leste<\/span><\/a><\/div><\/li>\n<li><div class=\"wp-block-latest-posts__featured-image alignleft\"><img loading=\"lazy\" decoding=\"async\" width=\"150\" height=\"150\" src=\"https:\/\/aemtl.org\/wp-content\/uploads\/2025\/07\/IMG_7849-150x150.jpg\" class=\"attachment-thumbnail size-thumbnail wp-post-image\" alt=\"\" style=\"\" \/><\/div><a class=\"wp-block-latest-posts__post-title\" href=\"https:\/\/aemtl.org\/pt\/celebracao-do-17-o-aniversario-da-associacao-empresarial-das-mulheres-de-timor-leste-aemtl-no-municipio-de-baucau\/\">Cerim\u00f3nia de Entrega de Pr\u00e9mios \u2013 Concurso de Design de Cestarias Tradicionais<\/a><div class=\"wp-block-latest-posts__post-excerpt\">Segunda-feira, 12 de Maio 2025, Associa\u00e7\u00e3o Empresarial de Timor-Leste AEMTL realizou a cerim\u00f3nia de entrega de pr\u00e9mios\u2026 <a class=\"wp-block-latest-posts__read-more\" href=\"https:\/\/aemtl.org\/pt\/celebracao-do-17-o-aniversario-da-associacao-empresarial-das-mulheres-de-timor-leste-aemtl-no-municipio-de-baucau\/\" rel=\"noopener noreferrer\">Leia mais<span class=\"screen-reader-text\">: Cerim\u00f3nia de Entrega de Pr\u00e9mios \u2013 Concurso de Design de Cestarias Tradicionais<\/span><\/a><\/div><\/li>\n<li><div class=\"wp-block-latest-posts__featured-image alignleft\"><img loading=\"lazy\" decoding=\"async\" width=\"150\" height=\"150\" src=\"https:\/\/aemtl.org\/wp-content\/uploads\/2025\/07\/IMG_7643-150x150.jpg\" class=\"attachment-thumbnail size-thumbnail wp-post-image\" alt=\"\" style=\"\" \/><\/div><a class=\"wp-block-latest-posts__post-title\" href=\"https:\/\/aemtl.org\/pt\/asosiasaun-emprezariu-feto-timor-leste-aemtl-iha-nivel-nasional-no-municipal-partisipa-iha-seminariu-nasional-ba-feto\/\">Celebra\u00e7\u00e3o do 17.\u00ba Anivers\u00e1rio da Associa\u00e7\u00e3o Empresarial das Mulheres de Timor-Leste (AEMTL) no Munic\u00edpio de Baucau.<\/a><div class=\"wp-block-latest-posts__post-excerpt\">Baucau, 01 de Maio de 2025 A Associa\u00e7\u00e3o Empresarial das Mulheres de Timor-Leste (AEMTL) celebrou o seu\u2026 <a class=\"wp-block-latest-posts__read-more\" href=\"https:\/\/aemtl.org\/pt\/asosiasaun-emprezariu-feto-timor-leste-aemtl-iha-nivel-nasional-no-municipal-partisipa-iha-seminariu-nasional-ba-feto\/\" rel=\"noopener noreferrer\">Leia mais<span class=\"screen-reader-text\">: Celebra\u00e7\u00e3o do 17.\u00ba Anivers\u00e1rio da Associa\u00e7\u00e3o Empresarial das Mulheres de Timor-Leste (AEMTL) no Munic\u00edpio de Baucau.<\/span><\/a><\/div><\/li>\n<li><div class=\"wp-block-latest-posts__featured-image alignleft\"><img loading=\"lazy\" decoding=\"async\" width=\"150\" height=\"150\" src=\"https:\/\/aemtl.org\/wp-content\/uploads\/2025\/06\/IMG-20250521-WA0004-150x150.jpg\" class=\"attachment-thumbnail size-thumbnail wp-post-image\" alt=\"\" style=\"\" \/><\/div><a class=\"wp-block-latest-posts__post-title\" href=\"https:\/\/aemtl.org\/pt\/a-associacao-empresarial-das-mulheres-de-timor-leste-aemtl-a-nivel-nacional-e-municipal-participou-num-seminario-nacional-para-mulheres-empreendedoras\/\">&#8220;Membros da Associa\u00e7\u00e3o Empresarial das Mulheres de Timor-Leste participaram na Feira Nacional de Exposi\u00e7\u00e3o sobre o Desenvolvimento da Governa\u00e7\u00e3o\u00a0Local.&#8221;<\/a><div class=\"wp-block-latest-posts__post-excerpt\">Post Tarde D\u00edli, Ter\u00e7a-feira, 20 de maio de 2025 No dia 20 de Maio, membros da Associa\u00e7\u00e3o\u2026 <a class=\"wp-block-latest-posts__read-more\" href=\"https:\/\/aemtl.org\/pt\/a-associacao-empresarial-das-mulheres-de-timor-leste-aemtl-a-nivel-nacional-e-municipal-participou-num-seminario-nacional-para-mulheres-empreendedoras\/\" rel=\"noopener noreferrer\">Leia mais<span class=\"screen-reader-text\">: &#8220;Membros da Associa\u00e7\u00e3o Empresarial das Mulheres de Timor-Leste participaram na Feira Nacional de Exposi\u00e7\u00e3o sobre o Desenvolvimento da Governa\u00e7\u00e3o\u00a0Local.&#8221;<\/span><\/a><\/div><\/li>\n<li><div class=\"wp-block-latest-posts__featured-image alignleft\"><img loading=\"lazy\" decoding=\"async\" width=\"150\" height=\"150\" src=\"https:\/\/aemtl.org\/wp-content\/uploads\/2025\/02\/notisia2-150x150.webp\" class=\"attachment-thumbnail size-thumbnail wp-post-image\" alt=\"\" style=\"\" \/><\/div><a class=\"wp-block-latest-posts__post-title\" href=\"https:\/\/aemtl.org\/pt\/the-timor-leste-womens-business-association-aemtl-at-the-national-and-municipal-levels\/\">A Associa\u00e7\u00e3o Empresarial das Mulheres de Timor-Leste (AEMTL), a n\u00edvel nacional e municipal, participou num semin\u00e1rio nacional para mulheres empreendedoras\u00a0.<\/a><div class=\"wp-block-latest-posts__post-excerpt\">D\u00edli, sexta-feira, 16 de novembro de 2024 A Associa\u00e7\u00e3o Empresarial das Mulheres de Timor-Leste (AEMTL), a n\u00edvel\u2026 <a class=\"wp-block-latest-posts__read-more\" href=\"https:\/\/aemtl.org\/pt\/the-timor-leste-womens-business-association-aemtl-at-the-national-and-municipal-levels\/\" rel=\"noopener noreferrer\">Leia mais<span class=\"screen-reader-text\">: A Associa\u00e7\u00e3o Empresarial das Mulheres de Timor-Leste (AEMTL), a n\u00edvel nacional e municipal, participou num semin\u00e1rio nacional para mulheres empreendedoras\u00a0.<\/span><\/a><\/div><\/li>\n<li><div class=\"wp-block-latest-posts__featured-image alignleft\"><img loading=\"lazy\" decoding=\"async\" width=\"150\" height=\"150\" src=\"https:\/\/aemtl.org\/wp-content\/uploads\/2025\/02\/n003-150x150.webp\" class=\"attachment-thumbnail size-thumbnail wp-post-image\" alt=\"\" style=\"\" \/><\/div><a class=\"wp-block-latest-posts__post-title\" href=\"https:\/\/aemtl.org\/pt\/the-acting-president-of-aemtl-along-with-her-team-participated-in-the-conversa-comercio\/\">A Presidente Interina da AEMTL e a sua equipa participaram na \u201cConversa Com\u00e9rcio\u201d<\/a><div class=\"wp-block-latest-posts__post-excerpt\">D\u00edli, ter\u00e7a-feira, 22 de outubro de 2024 A Presidente Interina da Associa\u00e7\u00e3o de Mulheres Empreendedoras de Timor-Leste\u2026 <a class=\"wp-block-latest-posts__read-more\" href=\"https:\/\/aemtl.org\/pt\/the-acting-president-of-aemtl-along-with-her-team-participated-in-the-conversa-comercio\/\" rel=\"noopener noreferrer\">Leia mais<span class=\"screen-reader-text\">: A Presidente Interina da AEMTL e a sua equipa participaram na \u201cConversa Com\u00e9rcio\u201d<\/span><\/a><\/div><\/li>\n<li><div class=\"wp-block-latest-posts__featured-image alignleft\"><img loading=\"lazy\" decoding=\"async\" width=\"150\" height=\"150\" src=\"https:\/\/aemtl.org\/wp-content\/uploads\/2025\/02\/notisia1-150x150.webp\" class=\"attachment-thumbnail size-thumbnail wp-post-image\" alt=\"\" style=\"\" \/><\/div><a class=\"wp-block-latest-posts__post-title\" href=\"https:\/\/aemtl.org\/pt\/aemtl-president-speaks-at-intergenerational-dialogue-in-timor-leste\/\">Presidente da AEMTL participa em Di\u00e1logo Intergeracional em Timor-Leste<\/a><div class=\"wp-block-latest-posts__post-excerpt\">D\u00edli, 6 de novembro de 2024 A Presidente da Associa\u00e7\u00e3o de Mulheres Empreendedoras de Timor-Leste (AEMTL) ser\u00e1\u2026 <a class=\"wp-block-latest-posts__read-more\" href=\"https:\/\/aemtl.org\/pt\/aemtl-president-speaks-at-intergenerational-dialogue-in-timor-leste\/\" rel=\"noopener noreferrer\">Leia mais<span class=\"screen-reader-text\">: Presidente da AEMTL participa em Di\u00e1logo Intergeracional em Timor-Leste<\/span><\/a><\/div><\/li>\n<li><div class=\"wp-block-latest-posts__featured-image alignleft\"><img loading=\"lazy\" decoding=\"async\" width=\"150\" height=\"150\" src=\"https:\/\/aemtl.org\/wp-content\/uploads\/2025\/02\/news1-150x150.webp\" class=\"attachment-thumbnail size-thumbnail wp-post-image\" alt=\"\" style=\"\" \/><\/div><a class=\"wp-block-latest-posts__post-title\" href=\"https:\/\/aemtl.org\/pt\/ifc-and-aemtl-sign-memorandum-for-women-in-business-awards\/\">IFC e AEMTL assinam memorando para Pr\u00e9mio Mulheres no Neg\u00f3cio<\/a><div class=\"wp-block-latest-posts__post-excerpt\">A Corpora\u00e7\u00e3o Financeira Internacional (IFC) e a Associa\u00e7\u00e3o de Mulheres Empres\u00e1rias de Timor-Leste (AEMTL) assinaram, a 8\u2026 <a class=\"wp-block-latest-posts__read-more\" href=\"https:\/\/aemtl.org\/pt\/ifc-and-aemtl-sign-memorandum-for-women-in-business-awards\/\" rel=\"noopener noreferrer\">Leia mais<span class=\"screen-reader-text\">: IFC e AEMTL assinam memorando para Pr\u00e9mio Mulheres no Neg\u00f3cio<\/span><\/a><\/div><\/li>\n<li><div class=\"wp-block-latest-posts__featured-image alignleft\"><img loading=\"lazy\" decoding=\"async\" width=\"150\" height=\"150\" src=\"https:\/\/aemtl.org\/wp-content\/uploads\/2025\/02\/news-5-1-150x150.webp\" class=\"attachment-thumbnail size-thumbnail wp-post-image\" alt=\"\" style=\"\" \/><\/div><a class=\"wp-block-latest-posts__post-title\" href=\"https:\/\/aemtl.org\/pt\/first-training-for-the-ideia-dili-inovar-project\/\">PRIMEIRA FORMA\u00c7\u00c3O DO PROJETO IDEIAS-D\u00cdLI INOVAR<\/a><div class=\"wp-block-latest-posts__post-excerpt\">D\u00edli, ter\u00e7a-feira, 5 de dezembro de 2023. No \u00e2mbito do Projeto Ideias D\u00edli Inovar, foi realizada a\u2026 <a class=\"wp-block-latest-posts__read-more\" href=\"https:\/\/aemtl.org\/pt\/first-training-for-the-ideia-dili-inovar-project\/\" rel=\"noopener noreferrer\">Leia mais<span class=\"screen-reader-text\">: PRIMEIRA FORMA\u00c7\u00c3O DO PROJETO IDEIAS-D\u00cdLI INOVAR<\/span><\/a><\/div><\/li>\n<li><div class=\"wp-block-latest-posts__featured-image alignleft\"><img loading=\"lazy\" decoding=\"async\" width=\"150\" height=\"150\" src=\"https:\/\/aemtl.org\/wp-content\/uploads\/2025\/01\/news-3-150x150.webp\" class=\"attachment-thumbnail size-thumbnail wp-post-image\" alt=\"\" style=\"\" \/><\/div><a class=\"wp-block-latest-posts__post-title\" href=\"https:\/\/aemtl.org\/pt\/aemtl-leadership-meets-with-ifc-official\/\">LIDERAN\u00c7A DA AEMTL RE\u00daNE COM REPRESENTANTE DA IFC<\/a><div class=\"wp-block-latest-posts__post-excerpt\">Sexta-feira, 2 de fevereiro de 2024 A Presidente da AEMTL, Hergui Luina Fernandes Alves, e a Vice-Presidente\u2026 <a class=\"wp-block-latest-posts__read-more\" href=\"https:\/\/aemtl.org\/pt\/aemtl-leadership-meets-with-ifc-official\/\" rel=\"noopener noreferrer\">Leia mais<span class=\"screen-reader-text\">: LIDERAN\u00c7A DA AEMTL RE\u00daNE COM REPRESENTANTE DA IFC<\/span><\/a><\/div><\/li>\n<li><div class=\"wp-block-latest-posts__featured-image alignleft\"><img loading=\"lazy\" decoding=\"async\" width=\"150\" height=\"150\" src=\"https:\/\/aemtl.org\/wp-content\/uploads\/2025\/01\/news-1-1-150x150.webp\" class=\"attachment-thumbnail size-thumbnail wp-post-image\" alt=\"\" style=\"\" \/><\/div><a class=\"wp-block-latest-posts__post-title\" href=\"https:\/\/aemtl.org\/pt\/workshop-to-strengthen-business-3\/\">WORKSHOP PARA FORTALECER NEG\u00d3CIOS NA \u00c1REA DE SERVI\u00c7OS<\/a><div class=\"wp-block-latest-posts__post-excerpt\">A AEMTL realizou um workshop para jovens empreendedoras e participantes do IDEIAS-D\u00edli Inovar, com o tema Neg\u00f3cios\u2026 <a class=\"wp-block-latest-posts__read-more\" href=\"https:\/\/aemtl.org\/pt\/workshop-to-strengthen-business-3\/\" rel=\"noopener noreferrer\">Leia mais<span class=\"screen-reader-text\">: WORKSHOP PARA FORTALECER NEG\u00d3CIOS NA \u00c1REA DE SERVI\u00c7OS<\/span><\/a><\/div><\/li>\n<li><div class=\"wp-block-latest-posts__featured-image alignleft\"><img loading=\"lazy\" decoding=\"async\" width=\"150\" height=\"150\" src=\"https:\/\/aemtl.org\/wp-content\/uploads\/2025\/01\/n004-2-150x150.webp\" class=\"attachment-thumbnail size-thumbnail wp-post-image\" alt=\"\" style=\"\" \/><\/div><a class=\"wp-block-latest-posts__post-title\" href=\"https:\/\/aemtl.org\/pt\/asean-women-entrepreneurs-network-awen\/\">REDE DE MULHERES EMPREENDEDORAS DA ASEAN (AWEN)<\/a><div class=\"wp-block-latest-posts__post-excerpt\">Entre 4 e 6 de novembro de 2024, a AEMTL, representada pela Vice-Presidente para o Turismo, Sra.\u2026 <a class=\"wp-block-latest-posts__read-more\" href=\"https:\/\/aemtl.org\/pt\/asean-women-entrepreneurs-network-awen\/\" rel=\"noopener noreferrer\">Leia mais<span class=\"screen-reader-text\">: REDE DE MULHERES EMPREENDEDORAS DA ASEAN (AWEN)<\/span><\/a><\/div><\/li>\n<\/ul>","protected":false},"excerpt":{"rendered":"","protected":false},"author":1,"featured_media":0,"parent":0,"menu_order":0,"comment_status":"closed","ping_status":"closed","template":"","meta":{"footnotes":""},"class_list":["post-95","page","type-page","status-publish","hentry"],"_links":{"self":[{"href":"https:\/\/aemtl.org\/pt\/wp-json\/wp\/v2\/pages\/95","targetHints":{"allow":["GET"]}}],"collection":[{"href":"https:\/\/aemtl.org\/pt\/wp-json\/wp\/v2\/pages"}],"about":[{"href":"https:\/\/aemtl.org\/pt\/wp-json\/wp\/v2\/types\/page"}],"author":[{"embeddable":true,"href":"https:\/\/aemtl.org\/pt\/wp-json\/wp\/v2\/users\/1"}],"replies":[{"embeddable":true,"href":"https:\/\/aemtl.org\/pt\/wp-json\/wp\/v2\/comments?post=95"}],"version-history":[{"count":29,"href":"https:\/\/aemtl.org\/pt\/wp-json\/wp\/v2\/pages\/95\/revisions"}],"predecessor-version":[{"id":1783,"href":"https:\/\/aemtl.org\/pt\/wp-json\/wp\/v2\/pages\/95\/revisions\/1783"}],"wp:attachment":[{"href":"https:\/\/aemtl.org\/pt\/wp-json\/wp\/v2\/media?parent=95"}],"curies":[{"name":"wp","href":"https:\/\/api.w.org\/{rel}","templated":true}]}}