{"id":28,"date":"2024-12-28T11:04:19","date_gmt":"2024-12-28T11:04:19","guid":{"rendered":"https:\/\/aemtl.org\/?page_id=28"},"modified":"2025-02-07T10:35:08","modified_gmt":"2025-02-07T10:35:08","slug":"our-team","status":"publish","type":"page","link":"https:\/\/aemtl.org\/tetun\/aemtl\/our-team\/","title":{"rendered":"Ami nia Ekipa"},"content":{"rendered":"\n<div class=\"wp-block-group alignfull is-layout-flow wp-block-group-is-layout-flow\" style=\"padding-right:var(--wp--preset--spacing--20);padding-left:var(--wp--preset--spacing--20)\">\n<p class=\"has-medium-font-size\">Hasa\u2019e kapasidade Feto Timor atu dezenvolve sira nia aktividade iha sektor privadu, f\u00f3 korajen no motivasaun ba ita nia membru sira hodi hala\u2019o servisu hamutuk no haburas kooperasaun entre membru sira, organizasaun sira seluk husi sektor privadu, kooperativa sira no mos ho Governu hanesan ita nia autoridade prinsip\u00e1l ba dezenvolvimentu ekonomiku nasion\u00e1l. Ami mos suporta no promove membru sira atu hetan ambiente servisu ida ne\u2019eb\u00e9 sei kontribui ba dezenvolvimentu nasion\u00e1l.<\/p>\n\n\n\n<div class=\"wp-block-columns is-layout-flex wp-container-core-columns-is-layout-1 wp-block-columns-is-layout-flex\">\n<div class=\"wp-block-column is-layout-flow wp-block-column-is-layout-flow\" style=\"flex-basis:33.33%\">\n<figure class=\"wp-block-image size-full\"><img loading=\"lazy\" decoding=\"async\" width=\"790\" height=\"790\" src=\"https:\/\/aemtl.org\/wp-content\/uploads\/2025\/01\/Hergui-Luina-Fernandes-Alves.png\" alt=\"\" class=\"wp-image-252\" srcset=\"https:\/\/aemtl.org\/wp-content\/uploads\/2025\/01\/Hergui-Luina-Fernandes-Alves.png 790w, https:\/\/aemtl.org\/wp-content\/uploads\/2025\/01\/Hergui-Luina-Fernandes-Alves-300x300.png 300w, https:\/\/aemtl.org\/wp-content\/uploads\/2025\/01\/Hergui-Luina-Fernandes-Alves-150x150.png 150w, https:\/\/aemtl.org\/wp-content\/uploads\/2025\/01\/Hergui-Luina-Fernandes-Alves-768x768.png 768w\" sizes=\"auto, (max-width: 790px) 100vw, 790px\" \/><\/figure>\n<\/div>\n\n\n\n<div class=\"wp-block-column is-layout-flow wp-block-column-is-layout-flow\" style=\"flex-basis:66.66%\">\n<p class=\"has-custom-blue-color has-text-color has-link-color wp-elements-d0bd670e0ac8163658e0ed5e3ceaddf5\" style=\"font-size:clamp(16.293px, 1.018rem + ((1vw - 3.2px) * 0.907), 25px);line-height:1.2\"><strong>Hergui Luina Fernandes Alves<\/strong><br>Presidente<\/p>\n\n\n\n<p>Hergui Luina Fernandes Alves hanesan prezidente ba Associa\u00e7\u00e3o de Mulheres de Neg\u00f3cios de Timor-Leste (AEMTL), vise-Prezidente ba Promo\u00e7\u00e3o e Empresas da C\u00e2mara de Com\u00e9rcio e Ind\u00fastria de Timor-Leste (CCI-TL) no diretora ba kompa\u00f1ia Nova Casa Fresca Unip. Lda. Hegui Luina dedika nia-an durante tinan sanulu resin lima (15) ba empoderamentu feto sira no foka liu ba dezempregu feto sira, ne\u2019eb\u00e9 a\u2019as tebes. Hergui Luina nia empreza Nova Casa Fresca Lda (NCF), hah\u00fa ho grupo ki\u2019ik ida hamutuk uma ka\u2019in ualu (8), no ohin loron haluan tiha nia neg\u00f3siu ba uma ka\u2019in atus ida lima nulo (150), ne\u2019eb\u00e9 hamutuk 53% mesak feto deit. Tamba NCF, uma ka\u2019in sira ne\u2019e hetan rendimentu ida est\u00e1vel, liu husi prosesu kapasitasaun maluk feto sira, ne\u2019eb\u00e9 hetan independensia ekonomika. Hergui nia projetu NFC, inklui mos feto sira nia envolvimentu iha agroneg\u00f3siu. Ohin loron, hanesan Prezidente AEMTL nian, Hergui dedika nia-an hodi servisu makas ho nia ekipa dinamika sira atu ukun prosesu mudansa ida iha sektor privadu Timor-Leste nian no haforsa no hakbi\u2019it feto sira ekonomikamente. Hergui nia kontribuisaun ba empoderamentu feto sira hatudu nia ezistensia no halo rona makas nia kontribuisaun ba ekonomia nasaun nian. Lori mos atu hadia liu tan nia kareira pesoal. Hergui hanesan mos membru konfiansa husi CNAR BNCTL nian (Comiss\u00e3o Permanente de Nomea\u00e7\u00e3o, Avalia\u00e7\u00e3o e Remunera\u00e7\u00e3o), no mos hanesan membru CNT nian (Conselho Nacional do Trabalho), nune\u2019e mos Hergui hala\u2019o kna\u2019ar hanesan Prezidente ba Conselho de Administra\u00e7\u00e3o da Millenium Challenge Corporation (CA MCC-TL, IP). Aleinde NCF, Hergui sai nain ba empreza konstrusaun fornesimentu jeral, hanaran Oceania Unipessoal Lda. Empreza ne\u2019e oferese mos kualidade servisu ba nia kliente sira, liu husi implementasaun padraun internasion\u00e1l no profesionalismu iha kontestu lok\u00e1l.<\/p>\n<\/div>\n<\/div>\n\n\n\n<hr class=\"wp-block-separator has-alpha-channel-opacity is-style-wide\"\/>\n\n\n\n<div class=\"wp-block-columns is-layout-flex wp-container-core-columns-is-layout-2 wp-block-columns-is-layout-flex\">\n<div class=\"wp-block-column is-layout-flow wp-block-column-is-layout-flow\" style=\"flex-basis:33.33%\">\n<figure class=\"wp-block-image size-full\"><img loading=\"lazy\" decoding=\"async\" width=\"790\" height=\"790\" src=\"https:\/\/aemtl.org\/wp-content\/uploads\/2025\/01\/Jacinta-Abu-Cau-Pereira.png\" alt=\"\" class=\"wp-image-259\" srcset=\"https:\/\/aemtl.org\/wp-content\/uploads\/2025\/01\/Jacinta-Abu-Cau-Pereira.png 790w, https:\/\/aemtl.org\/wp-content\/uploads\/2025\/01\/Jacinta-Abu-Cau-Pereira-300x300.png 300w, https:\/\/aemtl.org\/wp-content\/uploads\/2025\/01\/Jacinta-Abu-Cau-Pereira-150x150.png 150w, https:\/\/aemtl.org\/wp-content\/uploads\/2025\/01\/Jacinta-Abu-Cau-Pereira-768x768.png 768w\" sizes=\"auto, (max-width: 790px) 100vw, 790px\" \/><\/figure>\n<\/div>\n\n\n\n<div class=\"wp-block-column is-layout-flow wp-block-column-is-layout-flow\" style=\"flex-basis:66.66%\">\n<p class=\"has-custom-blue-color has-text-color has-link-color wp-elements-7d9d3cc190b46a064c7cc1de594b6118\" style=\"font-size:clamp(16.293px, 1.018rem + ((1vw - 3.2px) * 0.907), 25px);line-height:1.2\"><strong>Jacinta Abu Cau Pereira<\/strong><br>Vise Presidente ba Emmpoderamentu no Reforsu Institusion\u00e1l<\/p>\n\n\n\n<p>Jacinta Abu Cau Pereira mak Vise-Prezidente AEMTL nian ba Empoderamentu no Reforsu Institusion\u00e1l no mos hanesan Vise-Prezidente ba C\u00e2mara de Com\u00e9rcio e Ind\u00fastria de Timor-Leste (CCI-TL) ba Empoderamentu Ekonomiku Feto sira. Jacinta nia moris fatin iha Balib\u00f3, Timor-Leste, no halo lisensiatura iha \u00e1rea Siensia Sosi\u00e1l no mestradu iha \u00e1rea Direitu, rua ne\u2019e hotu iha UNPAZ. Jacinta hah\u00fa nia kareira hanesan Diretora orfanatu ida hanaran Lar D&#8217;O Bom Samaritano, iha Lauala-Ermera, husi tinan 2006 to\u2019o tinan 2010. Iha tinan 2012, hetan eleisaun ba Prezidente ba Comiss\u00e3o \u201cD\u201d, ba asuntu Ekonomia no Dezenvolvimentu husi Parlamentu Nasion\u00e1l Timor-Leste nian. Hafoin nia mandatu politiku, tama iha AEMTL no kontinua iha CCI-TL. Nia hanesan mos formadora pinsip\u00e1l ba &#8220;M\u00f3dulu Get Ahead&#8221;, hofoin konklui nia formasaun no nia misaun liu husi Programa Spotlight ba Inkluzaun no Dezenvolvimentu Empreendedorismu Feto sira, hamutuk ho AEMTL, CCI-TL no OIT internasion\u00e1l. Jacinta mehi atu hasa\u2019e nia ko\u00f1esimentu kona-b\u00e1 neg\u00f3siu hodi hadia di\u2019ak liu tan nesesidade finaseira asosiasaun sira, nune\u2019e mos a nia dezenvolvimentu emprezarial rasik.<\/p>\n<\/div>\n<\/div>\n\n\n\n<hr class=\"wp-block-separator has-alpha-channel-opacity is-style-wide\"\/>\n\n\n\n<div class=\"wp-block-columns is-layout-flex wp-container-core-columns-is-layout-3 wp-block-columns-is-layout-flex\">\n<div class=\"wp-block-column is-layout-flow wp-block-column-is-layout-flow\" style=\"flex-basis:33.33%\">\n<figure class=\"wp-block-image size-full\"><img loading=\"lazy\" decoding=\"async\" width=\"790\" height=\"790\" src=\"https:\/\/aemtl.org\/wp-content\/uploads\/2025\/01\/Bonciana-Gorrete-Monteiro.png\" alt=\"\" class=\"wp-image-261\" srcset=\"https:\/\/aemtl.org\/wp-content\/uploads\/2025\/01\/Bonciana-Gorrete-Monteiro.png 790w, https:\/\/aemtl.org\/wp-content\/uploads\/2025\/01\/Bonciana-Gorrete-Monteiro-300x300.png 300w, https:\/\/aemtl.org\/wp-content\/uploads\/2025\/01\/Bonciana-Gorrete-Monteiro-150x150.png 150w, https:\/\/aemtl.org\/wp-content\/uploads\/2025\/01\/Bonciana-Gorrete-Monteiro-768x768.png 768w\" sizes=\"auto, (max-width: 790px) 100vw, 790px\" \/><\/figure>\n<\/div>\n\n\n\n<div class=\"wp-block-column is-layout-flow wp-block-column-is-layout-flow\" style=\"flex-basis:66.66%\">\n<p class=\"has-custom-blue-color has-text-color has-link-color wp-elements-555dc0630b4c6501eaebf356d5fb65c3\" style=\"font-size:clamp(16.293px, 1.018rem + ((1vw - 3.2px) * 0.907), 25px);line-height:1.2\"><strong>Bonciana Gorrete Monteiro<br><\/strong>Vice-Presidente Rela\u00e7\u00f5es Externas e Promo\u00e7\u00e3o de Neg\u00f3cio<\/p>\n\n\n\n<p>Bonciana Gorrete Monteiro nia moris fatin iha Lospalos, Timor-Leste. Hala\u2019o nia formasaun akademika iha UNIKA WIDYA MANDIRA UNIVERSITY, iha Kupang, ho espesializasaun iha Fakudade Direitu, no hah\u00fa nia kareira hanesan diretora ba nia empresa rasik, hanaran QRRAZ Unipessoal. Dadaun ne\u2019e QRRAZ hanesan empreza privada ida ba \u00e1rea konstrusan, Eletrsidade no Fornesimentu Jeral iha Timor-Leste. Tama iha AEMTL iha 2015, no foin lalais hetan kna\u2019ar hanesan Vise-Prezidente ba Relasaun Externa no Promosaun Neg\u00f3siu sira, no iha ne\u2019e atu promove negosiu emprezariu sira nian no atu partisipa iha reuniaun importante sira ne\u2019eb\u00e9 relasiona ho AEMTL.<\/p>\n<\/div>\n<\/div>\n\n\n\n<hr class=\"wp-block-separator has-alpha-channel-opacity is-style-wide\"\/>\n\n\n\n<div class=\"wp-block-columns is-layout-flex wp-container-core-columns-is-layout-4 wp-block-columns-is-layout-flex\">\n<div class=\"wp-block-column is-layout-flow wp-block-column-is-layout-flow\" style=\"flex-basis:33.33%\">\n<figure class=\"wp-block-image size-full\"><img loading=\"lazy\" decoding=\"async\" width=\"790\" height=\"790\" src=\"https:\/\/aemtl.org\/wp-content\/uploads\/2025\/01\/Maria-de-Fatima-Belo.png\" alt=\"\" class=\"wp-image-267\" srcset=\"https:\/\/aemtl.org\/wp-content\/uploads\/2025\/01\/Maria-de-Fatima-Belo.png 790w, https:\/\/aemtl.org\/wp-content\/uploads\/2025\/01\/Maria-de-Fatima-Belo-300x300.png 300w, https:\/\/aemtl.org\/wp-content\/uploads\/2025\/01\/Maria-de-Fatima-Belo-150x150.png 150w, https:\/\/aemtl.org\/wp-content\/uploads\/2025\/01\/Maria-de-Fatima-Belo-768x768.png 768w\" sizes=\"auto, (max-width: 790px) 100vw, 790px\" \/><\/figure>\n<\/div>\n\n\n\n<div class=\"wp-block-column is-layout-flow wp-block-column-is-layout-flow\" style=\"flex-basis:66.66%\">\n<p class=\"has-custom-blue-color has-text-color has-link-color wp-elements-92bf00bf201c42f297f53d3d20360b2a\" style=\"font-size:clamp(16.293px, 1.018rem + ((1vw - 3.2px) * 0.907), 25px);line-height:1.2\"><strong>Maria de F\u00e1tima Belo<br><\/strong>Vise-Prezidente ba Agricultura no Asuntu Soci\u00e1l Sira<\/p>\n\n\n\n<p>Maria de F\u00e1tima Belo I.C.C. Belo nia moris fatin Baucau, Timor-Leste. Hah\u00fa nia kareira hanesan kompa\u00f1ia nain iha \u00e1rea konstrusaun sivil husikedas tinan 1991 to\u2019o ohin loron, no dadaun ne\u2019e hanesan Diretora Ezekutiva ba nia empreza rasik (Nautetu UNIP, Lda). Maria sai membru AEMTL nian iha tinan 2012. Durante nia filiasaun ba AEMTL, hetan mos nomeasaun ba vise-prezidente ba Komisaun G, Parlamentu Nasion\u00e1l nian durante lejislatura 2015-2017. Hafoin nia mandatu iha Parlamentu, dedika nia esforsu tomak ba asosiasaun AEMTL no hetan, husikedas tinan 2017 to\u2019o ohin loron, eleisaun n\u00fadar Vise-Prezidente ba sektor Agrikultura. Maria hanoin atu hadia di\u2019ak liu tan nia jestaun emprezarial no asosiasaun nia kompetensia atu hasa\u2019e nia influ\u00e9nsia iha empreza sira ne\u2019eb\u00e9 promove lokalidade iha sektor agrikultura (hanesan kultivu, sustentabilidade, peska, peku\u00e1ria, nsst.).<\/p>\n<\/div>\n<\/div>\n\n\n\n<hr class=\"wp-block-separator has-alpha-channel-opacity is-style-wide\"\/>\n\n\n\n<div class=\"wp-block-columns is-layout-flex wp-container-core-columns-is-layout-5 wp-block-columns-is-layout-flex\">\n<div class=\"wp-block-column is-layout-flow wp-block-column-is-layout-flow\" style=\"flex-basis:33.33%\">\n<figure class=\"wp-block-image size-full\"><img loading=\"lazy\" decoding=\"async\" width=\"790\" height=\"790\" src=\"https:\/\/aemtl.org\/wp-content\/uploads\/2025\/01\/Maria-Carla-Goncalves-Tilman.png\" alt=\"\" class=\"wp-image-268\" srcset=\"https:\/\/aemtl.org\/wp-content\/uploads\/2025\/01\/Maria-Carla-Goncalves-Tilman.png 790w, https:\/\/aemtl.org\/wp-content\/uploads\/2025\/01\/Maria-Carla-Goncalves-Tilman-300x300.png 300w, https:\/\/aemtl.org\/wp-content\/uploads\/2025\/01\/Maria-Carla-Goncalves-Tilman-150x150.png 150w, https:\/\/aemtl.org\/wp-content\/uploads\/2025\/01\/Maria-Carla-Goncalves-Tilman-768x768.png 768w\" sizes=\"auto, (max-width: 790px) 100vw, 790px\" \/><\/figure>\n<\/div>\n\n\n\n<div class=\"wp-block-column is-layout-flow wp-block-column-is-layout-flow\" style=\"flex-basis:66.66%\">\n<p class=\"has-custom-blue-color has-text-color has-link-color wp-elements-691a2df737d4b6836091e64bc3cd6615\" style=\"font-size:clamp(16.293px, 1.018rem + ((1vw - 3.2px) * 0.907), 25px);line-height:1.2\"><strong>Maria Carla Gon\u00e7alves Tilman<\/strong><br>Vise-Prezidente ba Infraestrutura no Rekursu Natur\u00e1l Sira<\/p>\n\n\n\n<p>Moris iha tinan 1973, ho nia formasaun akad\u00e9mika iha \u00e1rea informatika no Jestaun iha Universidade Bina Nusantara (BINUS), iha Jacarta. Hah\u00fa nia kareira iha tinan 1994, hanesan Ezekutiva Konta sira iha kompa\u00f1ia Ana IHA PT Rimbadana Brokerindo Jakarta, no iha tinan 1996, kontinua nia kareiratendo hanesan jestora Marketing iha Mira Furniture UBUD, Bali. Iha tinan 1999 tama iha Organizasaun Internasion\u00e1l Migrasaun nan International Organization Migration (OIM) iha Jakarta. Iha tinan 1999, tama mos iha UNWFP hanesan Analista ba Prosesamentu Dadu Merkadoria sira (COMPAS). Iha tinan 2001, sai hanesan Konsultora Neg\u00f3siu iha Hotel Dili em 2001, no iha tinan 2004 hari\u2019i Arvec Group Lda. Fatima mak hesan Ema dahuluk ne\u2019eb\u00e9 simu sertifikadu investimetnu husi IADE hanesan investidora lok\u00e1l. Iha tinan 2023 simu kna\u2019ar hanesan Vise-Prezidente ba Infraestrutura no Rekursou Natur\u00e1l sira husi Associa\u00e7\u00e3o Empresarial de Mulheres de Timor-Leste (AEMTL), Prezidente husi Associa\u00e7\u00e3o Empresarial de Constru\u00e7\u00e3o de Mulheres de Timor-Leste (AECTL) no Vise-Prezidente C\u00e2mara de Com\u00e9rcio e Ind\u00fastria de Timor-Leste (CCI-TL).<\/p>\n<\/div>\n<\/div>\n\n\n\n<hr class=\"wp-block-separator has-alpha-channel-opacity is-style-wide\"\/>\n\n\n\n<div class=\"wp-block-columns is-layout-flex wp-container-core-columns-is-layout-6 wp-block-columns-is-layout-flex\">\n<div class=\"wp-block-column is-layout-flow wp-block-column-is-layout-flow\" style=\"flex-basis:33.33%\">\n<figure class=\"wp-block-image size-full\"><img loading=\"lazy\" decoding=\"async\" width=\"790\" height=\"790\" src=\"https:\/\/aemtl.org\/wp-content\/uploads\/2025\/01\/Ana-Paula-Torres-Godinho.png\" alt=\"\" class=\"wp-image-269\" srcset=\"https:\/\/aemtl.org\/wp-content\/uploads\/2025\/01\/Ana-Paula-Torres-Godinho.png 790w, https:\/\/aemtl.org\/wp-content\/uploads\/2025\/01\/Ana-Paula-Torres-Godinho-300x300.png 300w, https:\/\/aemtl.org\/wp-content\/uploads\/2025\/01\/Ana-Paula-Torres-Godinho-150x150.png 150w, https:\/\/aemtl.org\/wp-content\/uploads\/2025\/01\/Ana-Paula-Torres-Godinho-768x768.png 768w\" sizes=\"auto, (max-width: 790px) 100vw, 790px\" \/><\/figure>\n<\/div>\n\n\n\n<div class=\"wp-block-column is-layout-flow wp-block-column-is-layout-flow\" style=\"flex-basis:66.66%\">\n<p class=\"has-custom-blue-color has-text-color has-link-color wp-elements-10108cb0afd38a062ada17a47e613c15\" style=\"font-size:clamp(16.293px, 1.018rem + ((1vw - 3.2px) * 0.907), 25px);line-height:1.2\"><strong>Ana Paula Torres Godinho<\/strong><br>Vise-Presidente ba Turismo no Kom\u00e9rsiu<\/p>\n\n\n\n<p>Ana Paula Torres Godinho, hanesan Vise-Prezidente Turismu no Kom\u00e9rsiu AEMTL nian. Hanesan mos diretora ba empreza TENIZILAX Unipessoal Lda ne\u2019ebe hala\u2019o aktividade iha \u00e1rea servisu limpeza, konstrusaun sivil, eletrisidade no fornesimentu jer\u00e1l sira. Paula tama iha AEMTL husikedas tinan 2010 to\u2019o ohin loron. Husi madatu ikus, nia hanesan membru sekretaria no vise-prezidente C\u00e2mara de Com\u00e9rcio de Timor-Leste ba organizasaun konferensia no reuniaun sira. Paula halo adezaun ba AEMTL sai hanesan satisfatoriu, liu liu tamba AEMTL oferese oportunidade ba feto sira iha \u00e1rea neg\u00f3siu oin-oin atu implementa aktividade husi kadeia valor no suporta malu iha neg\u00f3siu oin-oin. Hah\u00fa nia perkursu emprezarial iha tinan 2006, ne\u2019ebe hah\u00fa nia foku ba empresa no familia. Hafoin envolve iha AEMTL, Paula hala\u2019o nia neg\u00f3siu no nia kna\u2019ar iha AEMTL hatur iha prinsipiu katak &#8221; sai henesan bain-bain wainhira ita halo ba ita nia an rasik no sai extraordinariu wainhira ita bele halo buat di\u2019ak ba ema seluk &#8220;.<\/p>\n<\/div>\n<\/div>\n\n\n\n<hr class=\"wp-block-separator has-alpha-channel-opacity is-style-wide\"\/>\n\n\n\n<div class=\"wp-block-columns is-layout-flex wp-container-core-columns-is-layout-7 wp-block-columns-is-layout-flex\">\n<div class=\"wp-block-column is-layout-flow wp-block-column-is-layout-flow\" style=\"flex-basis:33.33%\">\n<figure class=\"wp-block-image size-full\"><img loading=\"lazy\" decoding=\"async\" width=\"790\" height=\"790\" src=\"https:\/\/aemtl.org\/wp-content\/uploads\/2025\/01\/Sandra-F.png\" alt=\"\" class=\"wp-image-272\" srcset=\"https:\/\/aemtl.org\/wp-content\/uploads\/2025\/01\/Sandra-F.png 790w, https:\/\/aemtl.org\/wp-content\/uploads\/2025\/01\/Sandra-F-300x300.png 300w, https:\/\/aemtl.org\/wp-content\/uploads\/2025\/01\/Sandra-F-150x150.png 150w, https:\/\/aemtl.org\/wp-content\/uploads\/2025\/01\/Sandra-F-768x768.png 768w\" sizes=\"auto, (max-width: 790px) 100vw, 790px\" \/><\/figure>\n<\/div>\n\n\n\n<div class=\"wp-block-column is-layout-flow wp-block-column-is-layout-flow\" style=\"flex-basis:66.66%\">\n<p class=\"has-custom-blue-color has-text-color has-link-color wp-elements-e283befe4df8994975d1708a8e537a31\" style=\"font-size:clamp(16.293px, 1.018rem + ((1vw - 3.2px) * 0.907), 25px);line-height:1.2\"><strong>Sandra F. Alves do Rego<\/strong><br>Vise-Prezidente na Industria Kriativa no Empreza Sosi\u00e1l Sira<\/p>\n\n\n\n<p>Sandra F. Alves do R\u00e8go husi Manatuto, Timor-Leste. Hah\u00fa nia kareira hanesan nain ba kompa\u00f1ia privada iha \u00e1rea konstrusaun sivil, husikedas tinan 2004 to\u2019o ohin loron. Dadaun ne\u2019e hanesan Diretora ba empreza Rafflesia Unip.Lda. Sandra sai hanesan membru AEMTL iha tinan 2008. Durante nia filiasaun hetan mos nomeasaun ba kna\u2019ar vise-prezidente AEMTL ba mandatu 2012-2014. Hafoin mandatu ne\u2019e, hah\u00fa ho jestaun neg\u00f3siu sira no nia kapasidade ati influ\u00e9nsia neg\u00f3siu sira, liu husi promove kriasaun lok\u00e1l tais nian no fornesedor sira en jeral, nsst..<\/p>\n<\/div>\n<\/div>\n\n\n\n<hr class=\"wp-block-separator has-alpha-channel-opacity is-style-wide\"\/>\n\n\n\n<div class=\"wp-block-columns is-layout-flex wp-container-core-columns-is-layout-8 wp-block-columns-is-layout-flex\">\n<div class=\"wp-block-column is-layout-flow wp-block-column-is-layout-flow\" style=\"flex-basis:33.33%\">\n<figure class=\"wp-block-image size-full\"><img loading=\"lazy\" decoding=\"async\" width=\"790\" height=\"790\" src=\"https:\/\/aemtl.org\/wp-content\/uploads\/2025\/01\/Ana-Lobo.png\" alt=\"\" class=\"wp-image-275\" srcset=\"https:\/\/aemtl.org\/wp-content\/uploads\/2025\/01\/Ana-Lobo.png 790w, https:\/\/aemtl.org\/wp-content\/uploads\/2025\/01\/Ana-Lobo-300x300.png 300w, https:\/\/aemtl.org\/wp-content\/uploads\/2025\/01\/Ana-Lobo-150x150.png 150w, https:\/\/aemtl.org\/wp-content\/uploads\/2025\/01\/Ana-Lobo-768x768.png 768w\" sizes=\"auto, (max-width: 790px) 100vw, 790px\" \/><\/figure>\n<\/div>\n\n\n\n<div class=\"wp-block-column is-layout-flow wp-block-column-is-layout-flow\" style=\"flex-basis:66.66%\">\n<p class=\"has-custom-blue-color has-text-color has-link-color wp-elements-6cd6c2ce93763468dc2b9e11b620beba\" style=\"font-size:clamp(16.293px, 1.018rem + ((1vw - 3.2px) * 0.907), 25px);line-height:1.2\"><strong>Ana Gama Lobo<\/strong><br>Vise-Prezidente ba Sektor Tersiariu<\/p>\n\n\n\n<p>Ana G.C. Lobo moris fatin iha Lacluta. Foti desizaun atu hala\u2019o nia aspirasaun akademiku iha n\u00edvel ensinu superior, ne\u2019ebe hetan susesu ho grau bacharel iha tinan 2000. Iha tinan 2004, Ana Lobo loke nia empreza rasik ne\u2019ebe foka liu ba servisu catering no restaurasaun, fornesimentu jer\u00e1l no konstrusaun. Durante tinan barak, nia empreza hatudu reziliensia no kresimentu, no mantein nafatin nia prosperidade to\u2019o ohin loron. Iha tinan 2020, Ana Lobo simu responsabilidade atu sai hanesan vise-prezidente ba komunidade katolika karismatika parokia Bekora nian, kna\u2019ar ne\u2019ebe nia hala\u2019o to\u2019o ohin loron. Iha tinan 2021, haluan nia envolvimentu wainhira simu kna\u2019ar hanesan Koordenadora ba organizasaun Feto Katolika sira iha Parokia Bekora, kna\u2019ar ida ne\u2019eb\u00e9 hala\u2019o to\u2019o ohin loron ho determinasaun. Dadaun ne\u2019e, partisipa hanesan membru organizasaun AEMTL, liu husi kontribuisaun no esforsu ba o objetivu no iniciativa asosiasaun nian.<\/p>\n<\/div>\n<\/div>\n\n\n\n<hr class=\"wp-block-separator has-alpha-channel-opacity is-style-wide\"\/>\n\n\n\n<div class=\"wp-block-columns is-layout-flex wp-container-core-columns-is-layout-9 wp-block-columns-is-layout-flex\">\n<div class=\"wp-block-column is-layout-flow wp-block-column-is-layout-flow\" style=\"flex-basis:33.33%\">\n<figure class=\"wp-block-image size-full\"><img loading=\"lazy\" decoding=\"async\" width=\"790\" height=\"790\" src=\"https:\/\/aemtl.org\/wp-content\/uploads\/2025\/01\/Leontida-dos-Santos-Miranda.png\" alt=\"\" class=\"wp-image-276\" srcset=\"https:\/\/aemtl.org\/wp-content\/uploads\/2025\/01\/Leontida-dos-Santos-Miranda.png 790w, https:\/\/aemtl.org\/wp-content\/uploads\/2025\/01\/Leontida-dos-Santos-Miranda-300x300.png 300w, https:\/\/aemtl.org\/wp-content\/uploads\/2025\/01\/Leontida-dos-Santos-Miranda-150x150.png 150w, https:\/\/aemtl.org\/wp-content\/uploads\/2025\/01\/Leontida-dos-Santos-Miranda-768x768.png 768w\" sizes=\"auto, (max-width: 790px) 100vw, 790px\" \/><\/figure>\n<\/div>\n\n\n\n<div class=\"wp-block-column is-layout-flow wp-block-column-is-layout-flow\" style=\"flex-basis:66.66%\">\n<p class=\"has-custom-blue-color has-text-color has-link-color wp-elements-232c23637a44e68b2094351fca90c80c\" style=\"font-size:clamp(16.293px, 1.018rem + ((1vw - 3.2px) * 0.907), 25px);line-height:1.2\"><strong>Leontina dos Santos Miranda<\/strong><br>Sekretaria Koordenadora<\/p>\n\n\n\n<p>Leontina dos Santos Miranda bo\u2019ot iha Ermera, Timor-Leste, no halo lisensiatura iha Universidade Udayana, iha Bali, Indon\u00e9sia. Durante tinan 10 hela iha Amerika hodi servisu iha industria alimentar no bebida sira. Tuir mai, fila mai Timor-Leste, ne\u2019eb\u00e9 partisipa iha dezenvolvimentu infraestrutura sira, no hari\u2019i nia empreza rasik, hanaran Royal Timorese. Fasilita mos formasaun ba feto rur\u00e1l foin sa\u2019e hodi prepara sira nia neg\u00f3siu lok\u00e1l rasik relasiona ho produtu industria kazeira (Tais). Leontina sai hanesan membru AEMTL iha tinan 2010 no ohin loron hala\u2019o kna\u2019ar hanesan koordenadora Sekretariadu AEMTL nian. Nia mehi atu kontribui ho nia matenek no experi\u00e9nsia servisu uluk nian hodi hadia kapasidade grupo nian iha negosiu futuru sira.<\/p>\n<\/div>\n<\/div>\n\n\n\n<hr class=\"wp-block-separator has-alpha-channel-opacity is-style-wide\"\/>\n\n\n\n<div class=\"wp-block-columns is-layout-flex wp-container-core-columns-is-layout-10 wp-block-columns-is-layout-flex\">\n<div class=\"wp-block-column is-layout-flow wp-block-column-is-layout-flow\" style=\"flex-basis:33.33%\">\n<figure class=\"wp-block-image size-full\"><img loading=\"lazy\" decoding=\"async\" width=\"790\" height=\"790\" src=\"https:\/\/aemtl.org\/wp-content\/uploads\/2025\/01\/Aquelina-Cristina-da-Costa-Ribeiro.png\" alt=\"\" class=\"wp-image-279\" srcset=\"https:\/\/aemtl.org\/wp-content\/uploads\/2025\/01\/Aquelina-Cristina-da-Costa-Ribeiro.png 790w, https:\/\/aemtl.org\/wp-content\/uploads\/2025\/01\/Aquelina-Cristina-da-Costa-Ribeiro-300x300.png 300w, https:\/\/aemtl.org\/wp-content\/uploads\/2025\/01\/Aquelina-Cristina-da-Costa-Ribeiro-150x150.png 150w, https:\/\/aemtl.org\/wp-content\/uploads\/2025\/01\/Aquelina-Cristina-da-Costa-Ribeiro-768x768.png 768w\" sizes=\"auto, (max-width: 790px) 100vw, 790px\" \/><\/figure>\n<\/div>\n\n\n\n<div class=\"wp-block-column is-layout-flow wp-block-column-is-layout-flow\" style=\"flex-basis:66.66%\">\n<p class=\"has-custom-blue-color has-text-color has-link-color wp-elements-6981ba973da202c3dc37c49da781b617\" style=\"font-size:clamp(16.293px, 1.018rem + ((1vw - 3.2px) * 0.907), 25px);line-height:1.2\"><strong>Aquelina Cristina da Costa Ribeiro<\/strong><br>Tesoureira<\/p>\n\n\n\n<p>Aquelina Cristina da Costa Ribeiro moris iha Dili, Timor-Leste. Nia mak membru fundad\u00f3r ida husi AEMTL iha tinan 2008. Agora, nia mak inan ne\u2019eb\u00e9 servisu to\u2019o barak ho oan hitu. Iha tinan 2016, Aquelina komesa nia neg\u00f3siu rasik iha \u00e1rea servisu catering ho naran KETY NUNES CATERING &#038; BAKERY LDA. Nia mak nain-metan mos ba Guest House ida iha Manleuana, Dili.<\/p>\n<\/div>\n<\/div>\n\n\n\n<hr class=\"wp-block-separator has-alpha-channel-opacity is-style-wide\"\/>\n\n\n\n<div class=\"wp-block-columns is-layout-flex wp-container-core-columns-is-layout-11 wp-block-columns-is-layout-flex\">\n<div class=\"wp-block-column is-layout-flow wp-block-column-is-layout-flow\" style=\"flex-basis:33.33%\">\n<figure class=\"wp-block-image size-full\"><img loading=\"lazy\" decoding=\"async\" width=\"790\" height=\"790\" src=\"https:\/\/aemtl.org\/wp-content\/uploads\/2025\/01\/Frederica-Rosa.png\" alt=\"\" class=\"wp-image-280\" srcset=\"https:\/\/aemtl.org\/wp-content\/uploads\/2025\/01\/Frederica-Rosa.png 790w, https:\/\/aemtl.org\/wp-content\/uploads\/2025\/01\/Frederica-Rosa-300x300.png 300w, https:\/\/aemtl.org\/wp-content\/uploads\/2025\/01\/Frederica-Rosa-150x150.png 150w, https:\/\/aemtl.org\/wp-content\/uploads\/2025\/01\/Frederica-Rosa-768x768.png 768w\" sizes=\"auto, (max-width: 790px) 100vw, 790px\" \/><\/figure>\n<\/div>\n\n\n\n<div class=\"wp-block-column is-layout-flow wp-block-column-is-layout-flow\" style=\"flex-basis:66.66%\">\n<p class=\"has-custom-blue-color has-text-color has-link-color wp-elements-ec436493983f145586b21ceaffa25e69\" style=\"font-size:clamp(16.293px, 1.018rem + ((1vw - 3.2px) * 0.907), 25px);line-height:1.2\"><strong>Frederica Rosa<\/strong><br>I Vice Secretary<\/p>\n\n\n\n<p>Frederica Rosa mak membru ida husi AEMTL (Associa\u00e7\u00e3o Empresarial das Mulheres de Timor-Leste) ne\u2019eb\u00e9 konhese ho naran Ujuh. Frederica sai membru husi AEMTL iha tinan 2021. Agora, nia mak Sekret\u00e1ria ida ba Konsellu Ekzekutivu husi AEMTL. Nia mos servisu hanesan Pesquisadora no Asistente Pesquisadora ho akademiku sira ba Universidade husi Royal Melbourne Institute of Technology (RMIT) husi tinan 2012 to\u2019o agora. Iha nia servisu, Frederica mos apreseta lia ida-rua iha TLSA Konfer\u00e9nsia. Tuir nia esperi\u00e9nsia, konesementu no komprensaun iha servisu ho komunidade internasion\u00e1l, ne\u2019e lori nia ba departamentu neg\u00f3siu. Agora, Frederica mak Diretora no Jerente husi Arsa Rosa Felix Unipessoal LDA. Neg\u00f3siu husi Frederica fokus liu ba emprega jovem Timor oan sira ne\u2019eb\u00e9 hakarak suporta-an ba sira nia estudu. Hanesan Empres\u00e1ria Foin-sa\u2019e, nia hetan oportunidade husi UNDP atu reprezenta nia rain Timor-Leste, hanesan ko-autor ba livru \u201cWE HAVE A DREAM\u201d, ne\u2019eb\u00e9 lori ba nia neg\u00f3siu. Liuliu, Frederica agora kompleta nia estudu hanesan estudante full-time, aprende Jestaun Neg\u00f3siu, atu hadia nia habilidade iha neg\u00f3siu, iha Universidade DIT.<\/p>\n<\/div>\n<\/div>\n\n\n\n<hr class=\"wp-block-separator has-alpha-channel-opacity is-style-wide\"\/>\n\n\n\n<div class=\"wp-block-columns is-layout-flex wp-container-core-columns-is-layout-12 wp-block-columns-is-layout-flex\">\n<div class=\"wp-block-column is-layout-flow wp-block-column-is-layout-flow\" style=\"flex-basis:33.33%\">\n<figure class=\"wp-block-image size-full\"><img loading=\"lazy\" decoding=\"async\" width=\"790\" height=\"790\" src=\"https:\/\/aemtl.org\/wp-content\/uploads\/2025\/01\/Ana-Borges-Fatima.png\" alt=\"\" class=\"wp-image-283\" srcset=\"https:\/\/aemtl.org\/wp-content\/uploads\/2025\/01\/Ana-Borges-Fatima.png 790w, https:\/\/aemtl.org\/wp-content\/uploads\/2025\/01\/Ana-Borges-Fatima-300x300.png 300w, https:\/\/aemtl.org\/wp-content\/uploads\/2025\/01\/Ana-Borges-Fatima-150x150.png 150w, https:\/\/aemtl.org\/wp-content\/uploads\/2025\/01\/Ana-Borges-Fatima-768x768.png 768w\" sizes=\"auto, (max-width: 790px) 100vw, 790px\" \/><\/figure>\n<\/div>\n\n\n\n<div class=\"wp-block-column is-layout-flow wp-block-column-is-layout-flow\" style=\"flex-basis:66.66%\">\n<p class=\"has-custom-blue-color has-text-color has-link-color wp-elements-a19664e65dae5d2532abd221f21518f6\" style=\"font-size:clamp(16.293px, 1.018rem + ((1vw - 3.2px) * 0.907), 25px);line-height:1.2\"><strong>Ana Borges F\u00e1tima<\/strong><br>Vice Secretary<\/p>\n\n\n\n<p>Ana Borges F\u00e1tima servisu hanesan Vice-Sekret\u00e1ria iha Associa\u00e7\u00e3o Empresarial das Mulheres de Timor-Leste (AEMTL). Nia remata nia estudu iha Universidade Nasion\u00e1l Timor-Lorosa\u2019e (UNTL) ho graduasaun ba Kultura Agrikultura, espesi\u00e1liza iha Agro-Sosio Ekonomia. Antes de tama iha AEMTL, iha tinan 2015, Ana iha neg\u00f3siu ki\u2019ik iha plantasaun ba baunilha, cravinho no aimoruk iha Balibar, Dili. Tamba falta kapit\u00e1l atu estende nia neg\u00f3siu ki\u2019ik, Ana decide atu servisu hodi hetan kapit\u00e1l atu estende nia plantasaun. Ana hetan esperi\u00e9nsia liu husi partisipa iha formasaun ne\u2019eb\u00e9 fornese husi Asosiasaun, no ikus mai iha tinan 2018, nia estabelese nia kompanhia rasik ho naran Misajoma Unipessoal Lda.<\/p>\n<\/div>\n<\/div>\n\n\n\n<hr class=\"wp-block-separator has-alpha-channel-opacity is-style-wide\"\/>\n<\/div>\n\n\n\n<p><\/p>\n","protected":false},"excerpt":{"rendered":"<p>Hasa\u2019e kapasidade Feto Timor atu dezenvolve sira nia aktividade iha sektor privadu, f\u00f3 korajen no motivasaun ba ita nia membru sira hodi hala\u2019o servisu hamutuk no haburas kooperasaun entre membru sira, organizasaun sira seluk husi sektor privadu, kooperativa sira no mos ho Governu hanesan ita nia autoridade prinsip\u00e1l ba dezenvolvimentu ekonomiku nasion\u00e1l. Ami mos suporta [&hellip;]<\/p>\n","protected":false},"author":1,"featured_media":0,"parent":19,"menu_order":0,"comment_status":"closed","ping_status":"closed","template":"","meta":{"footnotes":""},"class_list":["post-28","page","type-page","status-publish","hentry"],"_links":{"self":[{"href":"https:\/\/aemtl.org\/tetun\/wp-json\/wp\/v2\/pages\/28","targetHints":{"allow":["GET"]}}],"collection":[{"href":"https:\/\/aemtl.org\/tetun\/wp-json\/wp\/v2\/pages"}],"about":[{"href":"https:\/\/aemtl.org\/tetun\/wp-json\/wp\/v2\/types\/page"}],"author":[{"embeddable":true,"href":"https:\/\/aemtl.org\/tetun\/wp-json\/wp\/v2\/users\/1"}],"replies":[{"embeddable":true,"href":"https:\/\/aemtl.org\/tetun\/wp-json\/wp\/v2\/comments?post=28"}],"version-history":[{"count":20,"href":"https:\/\/aemtl.org\/tetun\/wp-json\/wp\/v2\/pages\/28\/revisions"}],"predecessor-version":[{"id":1182,"href":"https:\/\/aemtl.org\/tetun\/wp-json\/wp\/v2\/pages\/28\/revisions\/1182"}],"up":[{"embeddable":true,"href":"https:\/\/aemtl.org\/tetun\/wp-json\/wp\/v2\/pages\/19"}],"wp:attachment":[{"href":"https:\/\/aemtl.org\/tetun\/wp-json\/wp\/v2\/media?parent=28"}],"curies":[{"name":"wp","href":"https:\/\/api.w.org\/{rel}","templated":true}]}}