{"id":95,"date":"2024-12-28T12:51:04","date_gmt":"2024-12-28T12:51:04","guid":{"rendered":"https:\/\/aemtl.org\/ss\/"},"modified":"2025-06-26T04:35:55","modified_gmt":"2025-06-26T04:35:55","slug":"news","status":"publish","type":"page","link":"https:\/\/aemtl.org\/tetun\/news\/","title":{"rendered":"Not\u00edsia"},"content":{"rendered":"<ul style=\"padding-right:0;padding-left:0;padding-top:0;padding-bottom:0;\" class=\"wp-block-latest-posts__list is-grid columns-2 has-link-color wp-elements-d8dfe890c3957d14a324145718f1d795 wp-block-latest-posts\"><li><div class=\"wp-block-latest-posts__featured-image alignleft\"><img loading=\"lazy\" decoding=\"async\" width=\"150\" height=\"150\" src=\"https:\/\/aemtl.org\/wp-content\/uploads\/2025\/08\/IMG-20250804-WA0006-150x150.jpg\" class=\"attachment-thumbnail size-thumbnail wp-post-image\" alt=\"\" style=\"\" \/><\/div><a class=\"wp-block-latest-posts__post-title\" href=\"https:\/\/aemtl.org\/tetun\/divulgacao-dos-resultados-do-vi-6-congresso-nacional-das-mulheres-no-municipio-de-liquica\/\">DIVULGASAUN REZULTADU KONGRESU FETO BADALA VI (NEN) IHA MUNIS\u00cdPIU LIQUISA<\/a><div class=\"wp-block-latest-posts__post-excerpt\">Liquisa, 17 Julho 2025 \u2013 Assosiasaun Emprezaria Feto Timor-Leste (AEMTL), hanesan membru aktivu iha Rede Feto, halo\u2026 <a class=\"wp-block-latest-posts__read-more\" href=\"https:\/\/aemtl.org\/tetun\/divulgacao-dos-resultados-do-vi-6-congresso-nacional-das-mulheres-no-municipio-de-liquica\/\" rel=\"noopener noreferrer\">Read more<span class=\"screen-reader-text\">: DIVULGASAUN REZULTADU KONGRESU FETO BADALA VI (NEN) IHA MUNIS\u00cdPIU LIQUISA<\/span><\/a><\/div><\/li>\n<li><div class=\"wp-block-latest-posts__featured-image alignleft\"><img loading=\"lazy\" decoding=\"async\" width=\"150\" height=\"150\" src=\"https:\/\/aemtl.org\/wp-content\/uploads\/2025\/08\/IMG-20250804-WA0010-150x150.jpg\" class=\"attachment-thumbnail size-thumbnail wp-post-image\" alt=\"\" style=\"\" \/><\/div><a class=\"wp-block-latest-posts__post-title\" href=\"https:\/\/aemtl.org\/tetun\/conferencia-de-imprensa-lancamento-dos-premios-mulheres-empreendedoras-de-timor-leste-2025\/\">Workshop Rejion\u00e1l ASEAN kona ba Kriasaun no Formalizasaun Empregu<\/a><div class=\"wp-block-latest-posts__post-excerpt\">Luangprabang, Lao PDR, 23\u201324 Julho 2025 Objetivu ko\u2019alia kona ba koneksaun investimentu, kom\u00e9rsiu no pol\u00edtika ind\u00fastria ho\u2026 <a class=\"wp-block-latest-posts__read-more\" href=\"https:\/\/aemtl.org\/tetun\/conferencia-de-imprensa-lancamento-dos-premios-mulheres-empreendedoras-de-timor-leste-2025\/\" rel=\"noopener noreferrer\">Read more<span class=\"screen-reader-text\">: Workshop Rejion\u00e1l ASEAN kona ba Kriasaun no Formalizasaun Empregu<\/span><\/a><\/div><\/li>\n<li><div class=\"wp-block-latest-posts__featured-image alignleft\"><img loading=\"lazy\" decoding=\"async\" width=\"150\" height=\"150\" src=\"https:\/\/aemtl.org\/wp-content\/uploads\/2025\/08\/1754146287282-150x150.jpg\" class=\"attachment-thumbnail size-thumbnail wp-post-image\" alt=\"\" style=\"\" \/><\/div><a class=\"wp-block-latest-posts__post-title\" href=\"https:\/\/aemtl.org\/tetun\/workshop-rejional-asean-kona-ba-kriasaun-no-formalizasaun-empregu\/\">Semin\u00e1riu Kona-ba Konseitu Banku Nasion\u00e1l Dezenvolvimentu Timor-Leste, Nu\u2019udar pasu desizivu iha Konstrusaun Ekonomia ne\u2019eb\u00e9 Forte Inkluziva no Diversifikada<\/a><div class=\"wp-block-latest-posts__post-excerpt\">Dili, 1 Agostu 2025- Presidente Associa\u00e7\u00e3o Emprezarial das Mulheres Timor-Leste Sra. Hergui Luina F. Alves no P.\u2026 <a class=\"wp-block-latest-posts__read-more\" href=\"https:\/\/aemtl.org\/tetun\/workshop-rejional-asean-kona-ba-kriasaun-no-formalizasaun-empregu\/\" rel=\"noopener noreferrer\">Read more<span class=\"screen-reader-text\">: Semin\u00e1riu Kona-ba Konseitu Banku Nasion\u00e1l Dezenvolvimentu Timor-Leste, Nu\u2019udar pasu desizivu iha Konstrusaun Ekonomia ne\u2019eb\u00e9 Forte Inkluziva no Diversifikada<\/span><\/a><\/div><\/li>\n<li><div class=\"wp-block-latest-posts__featured-image alignleft\"><img loading=\"lazy\" decoding=\"async\" width=\"150\" height=\"150\" src=\"https:\/\/aemtl.org\/wp-content\/uploads\/2025\/08\/1754655239735-150x150.jpg\" class=\"attachment-thumbnail size-thumbnail wp-post-image\" alt=\"\" style=\"\" \/><\/div><a class=\"wp-block-latest-posts__post-title\" href=\"https:\/\/aemtl.org\/tetun\/seminario-sobre-o-conceito-do-banco-nacional-de-desenvolvimento-de-timor-leste-como-passo-decisivo-na-construcao-de-uma-economia-forte-inclusiva-e-diversificada\/\">Konfer\u00e9nsia Ekonomia no Neg\u00f3siu entre Timor-Leste no Austr\u00e1lia<\/a><div class=\"wp-block-latest-posts__post-excerpt\">D\u00edli, 7\u20138 Agustu 2025 Iha konfer\u00e9nsia ne\u2019e, Presidente AEMTL, Ms. Hergui Luina Fernandes Alves, atua hanesan Panelista\u2026 <a class=\"wp-block-latest-posts__read-more\" href=\"https:\/\/aemtl.org\/tetun\/seminario-sobre-o-conceito-do-banco-nacional-de-desenvolvimento-de-timor-leste-como-passo-decisivo-na-construcao-de-uma-economia-forte-inclusiva-e-diversificada\/\" rel=\"noopener noreferrer\">Read more<span class=\"screen-reader-text\">: Konfer\u00e9nsia Ekonomia no Neg\u00f3siu entre Timor-Leste no Austr\u00e1lia<\/span><\/a><\/div><\/li>\n<li><div class=\"wp-block-latest-posts__featured-image alignleft\"><img loading=\"lazy\" decoding=\"async\" width=\"150\" height=\"150\" src=\"https:\/\/aemtl.org\/wp-content\/uploads\/2025\/07\/504379062_1135118508638227_111595231097823792_n-150x150.jpg\" class=\"attachment-thumbnail size-thumbnail wp-post-image\" alt=\"\" style=\"\" \/><\/div><a class=\"wp-block-latest-posts__post-title\" href=\"https:\/\/aemtl.org\/tetun\/partisipa-iha-forum-nasional-kona-ba-aksesu-feto-sira-ba-finanse-resiliente-ba-klima-no-teknolojia-baixo-karbone-neebe-organiza-husi-un-women-timor-leste\/\">Konfer\u00e9nsia Imprensa \u2013 Lansamentu Premiu Emprended\u00f3r Feto Timor-Leste 2025<\/a><div class=\"wp-block-latest-posts__post-excerpt\">Sesta-feira, loron 11 fulan Julho 2025 | Pal\u00e1siu Prezidensi\u00e1l, Aitarak Laran, Dili Lansamentu ofisi\u00e1l Premiu Emprended\u00f3r Feto\u2026 <a class=\"wp-block-latest-posts__read-more\" href=\"https:\/\/aemtl.org\/tetun\/partisipa-iha-forum-nasional-kona-ba-aksesu-feto-sira-ba-finanse-resiliente-ba-klima-no-teknolojia-baixo-karbone-neebe-organiza-husi-un-women-timor-leste\/\" rel=\"noopener noreferrer\">Read more<span class=\"screen-reader-text\">: Konfer\u00e9nsia Imprensa \u2013 Lansamentu Premiu Emprended\u00f3r Feto Timor-Leste 2025<\/span><\/a><\/div><\/li>\n<li><div class=\"wp-block-latest-posts__featured-image alignleft\"><img loading=\"lazy\" decoding=\"async\" width=\"150\" height=\"150\" src=\"https:\/\/aemtl.org\/wp-content\/uploads\/2025\/07\/IMG-20250713-WA0013-150x150.jpg\" class=\"attachment-thumbnail size-thumbnail wp-post-image\" alt=\"\" style=\"\" \/><\/div><a class=\"wp-block-latest-posts__post-title\" href=\"https:\/\/aemtl.org\/tetun\/assertive-empowerment-motivation-trust-leadership-aemtl-meeting-with-timor-port\/\">Partisipa iha F\u00f3rum Nasion\u00e1l kona-ba Aksesu Feto sira ba Finanse Resiliente ba Klima no Teknolojia Baixo Karbone, ne\u2019eb\u00e9 organiza husi UN Women Timor-Leste.<\/a><div class=\"wp-block-latest-posts__post-excerpt\">Dili, loron 10 fulan Julho tinan 2025 Prezidente interina AEMTL, Sra. Maria Carla Gon\u00e7alves Tilman, partisipa iha\u2026 <a class=\"wp-block-latest-posts__read-more\" href=\"https:\/\/aemtl.org\/tetun\/assertive-empowerment-motivation-trust-leadership-aemtl-meeting-with-timor-port\/\" rel=\"noopener noreferrer\">Read more<span class=\"screen-reader-text\">: Partisipa iha F\u00f3rum Nasion\u00e1l kona-ba Aksesu Feto sira ba Finanse Resiliente ba Klima no Teknolojia Baixo Karbone, ne\u2019eb\u00e9 organiza husi UN Women Timor-Leste.<\/span><\/a><\/div><\/li>\n<li><div class=\"wp-block-latest-posts__featured-image alignleft\"><img loading=\"lazy\" decoding=\"async\" width=\"150\" height=\"150\" src=\"https:\/\/aemtl.org\/wp-content\/uploads\/2025\/07\/WhatsApp-Image-2025-06-30-at-10.50.30_65b41b4b-150x150.jpg\" class=\"attachment-thumbnail size-thumbnail wp-post-image\" alt=\"\" style=\"\" \/><\/div><a class=\"wp-block-latest-posts__post-title\" href=\"https:\/\/aemtl.org\/tetun\/associacao-empresarial-das-mulheres-de-timor-leste-aemtl-asina-akordu-servisu-hamutuk-ho-ifc\/\">Assosiasaun Emprezaria  Feto Timor-Leste (AEMTL) hala&#8217;o enkontru ho Timor Port iha eskrit\u00f3riu Timor Port<\/a><div class=\"wp-block-latest-posts__post-excerpt\">Loron, Quinta-Feira 03 de Jullu 2025 Associa\u00e7\u00e3o Empresarial das Mulheres de Timor-Leste (AEMTL) hala&#8217;o enkontru ho Timor\u2026 <a class=\"wp-block-latest-posts__read-more\" href=\"https:\/\/aemtl.org\/tetun\/associacao-empresarial-das-mulheres-de-timor-leste-aemtl-asina-akordu-servisu-hamutuk-ho-ifc\/\" rel=\"noopener noreferrer\">Read more<span class=\"screen-reader-text\">: Assosiasaun Emprezaria  Feto Timor-Leste (AEMTL) hala&#8217;o enkontru ho Timor Port iha eskrit\u00f3riu Timor Port<\/span><\/a><\/div><\/li>\n<li><div class=\"wp-block-latest-posts__featured-image alignleft\"><img loading=\"lazy\" decoding=\"async\" width=\"150\" height=\"150\" src=\"https:\/\/aemtl.org\/wp-content\/uploads\/2025\/07\/WhatsApp-Image-2025-06-30-at-10.50.30_65b41b4b-150x150.jpg\" class=\"attachment-thumbnail size-thumbnail wp-post-image\" alt=\"\" style=\"\" \/><\/div><a class=\"wp-block-latest-posts__post-title\" href=\"https:\/\/aemtl.org\/tetun\/seminariu-nasional-ho-topikufeto-sira-nia-empoderamentu-ekonomiku-valoriza-servisu-domestiku-no-promove-pratika-etika-empregu-nian\/\">Associa\u00e7\u00e3o Empresarial das Mulheres de Timor-Leste (AEMTL) asina akordu servisu hamutuk ho IFC<\/a><div class=\"wp-block-latest-posts__post-excerpt\">30\/06\/2025 \u2014 Assosiasaun Emprezaria Feto Timor-Leste (AEMTL) asina akordu servisu hamutuk ho IFC relasiona ho eventu Timor-Leste\u2026 <a class=\"wp-block-latest-posts__read-more\" href=\"https:\/\/aemtl.org\/tetun\/seminariu-nasional-ho-topikufeto-sira-nia-empoderamentu-ekonomiku-valoriza-servisu-domestiku-no-promove-pratika-etika-empregu-nian\/\" rel=\"noopener noreferrer\">Read more<span class=\"screen-reader-text\">: Associa\u00e7\u00e3o Empresarial das Mulheres de Timor-Leste (AEMTL) asina akordu servisu hamutuk ho IFC<\/span><\/a><\/div><\/li>\n<li><div class=\"wp-block-latest-posts__featured-image alignleft\"><img loading=\"lazy\" decoding=\"async\" width=\"150\" height=\"150\" src=\"https:\/\/aemtl.org\/wp-content\/uploads\/2025\/07\/505714957_1114742377342507_1767886205156466118_n-150x150.jpg\" class=\"attachment-thumbnail size-thumbnail wp-post-image\" alt=\"\" style=\"\" \/><\/div><a class=\"wp-block-latest-posts__post-title\" href=\"https:\/\/aemtl.org\/tetun\/%f0%9d%9f%90%f0%9d%9f%91-%f0%9d%90%80%f0%9d%90%a7%f0%9d%90%a8%f0%9d%90%ac-%f0%9d%90%91%f0%9d%90%9e%f0%9d%90%ac%f0%9d%90%ad%f0%9d%90%9a%f0%9d%90%ae%f0%9d%90%ab%f0%9d%90%9aca%f0%9d%90%a8-%f0%9d%90%9d\/\">Semin\u00e1riu Nasion\u00e1l ho t\u00f3piku:&#8221;Feto sira-nia Empoderamentu Ekon\u00f3miku \u2013 Valoriza Servisu Dom\u00e9stiku no Promove Pr\u00e1tika \u00c9tika Empregu Nian.&#8221;<\/a><div class=\"wp-block-latest-posts__post-excerpt\">Dili, Sexta-Feira,13 de Junho 2025 Assosiasaun Emprezarial Feto Timor-Leste (AEMTL) Vice-Presidente Empoderamentu no Fortalesimentu Institusion\u00e1l, Sra. Jacinta\u2026 <a class=\"wp-block-latest-posts__read-more\" href=\"https:\/\/aemtl.org\/tetun\/%f0%9d%9f%90%f0%9d%9f%91-%f0%9d%90%80%f0%9d%90%a7%f0%9d%90%a8%f0%9d%90%ac-%f0%9d%90%91%f0%9d%90%9e%f0%9d%90%ac%f0%9d%90%ad%f0%9d%90%9a%f0%9d%90%ae%f0%9d%90%ab%f0%9d%90%9aca%f0%9d%90%a8-%f0%9d%90%9d\/\" rel=\"noopener noreferrer\">Read more<span class=\"screen-reader-text\">: Semin\u00e1riu Nasion\u00e1l ho t\u00f3piku:&#8221;Feto sira-nia Empoderamentu Ekon\u00f3miku \u2013 Valoriza Servisu Dom\u00e9stiku no Promove Pr\u00e1tika \u00c9tika Empregu Nian.&#8221;<\/span><\/a><\/div><\/li>\n<li><div class=\"wp-block-latest-posts__featured-image alignleft\"><img loading=\"lazy\" decoding=\"async\" width=\"150\" height=\"150\" src=\"https:\/\/aemtl.org\/wp-content\/uploads\/2025\/07\/499427086_1093242996159112_6491002547038394520_n-150x150.jpg\" class=\"attachment-thumbnail size-thumbnail wp-post-image\" alt=\"\" style=\"\" \/><\/div><a class=\"wp-block-latest-posts__post-title\" href=\"https:\/\/aemtl.org\/tetun\/award-ceremony-traditional-sestaria-design-contest\/\">23 Tinan Restaurasaun husi Independensia \ud83c\uddf9\ud83c\uddf1<\/a><div class=\"wp-block-latest-posts__post-excerpt\">20 DE MAIO 2025 Feto Timor servisu ba rai, povu no nasaun \u2013 kuda, kuida, kolleta no\u2026 <a class=\"wp-block-latest-posts__read-more\" href=\"https:\/\/aemtl.org\/tetun\/award-ceremony-traditional-sestaria-design-contest\/\" rel=\"noopener noreferrer\">Read more<span class=\"screen-reader-text\">: 23 Tinan Restaurasaun husi Independensia \ud83c\uddf9\ud83c\uddf1<\/span><\/a><\/div><\/li>\n<li><div class=\"wp-block-latest-posts__featured-image alignleft\"><img loading=\"lazy\" decoding=\"async\" width=\"150\" height=\"150\" src=\"https:\/\/aemtl.org\/wp-content\/uploads\/2025\/07\/IMG-20250523-WA00291-150x150.jpg\" class=\"attachment-thumbnail size-thumbnail wp-post-image\" alt=\"\" style=\"\" \/><\/div><a class=\"wp-block-latest-posts__post-title\" href=\"https:\/\/aemtl.org\/tetun\/23-years-of-independence-restoration-%f0%9f%87%b9%f0%9f%87%b1\/\">Enkontru forma\u200bl ho Sua Excel\u00eancia Ministro da Administra\u00e7\u00e3o Estatal (MAE), Sr. Tom\u00e1s do Ros\u00e1rio Cabral, iha Sala Gabinete Ministru.<\/a><div class=\"wp-block-latest-posts__post-excerpt\">D\u00edli, Sesta-feira, 23 de Maio de 2025 Prezidente Asosiasaun Emprezari\u00e1l das Mulheres Timor-Leste (AEMTL), Sra. Hergui Luina\u2026 <a class=\"wp-block-latest-posts__read-more\" href=\"https:\/\/aemtl.org\/tetun\/23-years-of-independence-restoration-%f0%9f%87%b9%f0%9f%87%b1\/\" rel=\"noopener noreferrer\">Read more<span class=\"screen-reader-text\">: Enkontru forma\u200bl ho Sua Excel\u00eancia Ministro da Administra\u00e7\u00e3o Estatal (MAE), Sr. Tom\u00e1s do Ros\u00e1rio Cabral, iha Sala Gabinete Ministru.<\/span><\/a><\/div><\/li>\n<li><div class=\"wp-block-latest-posts__featured-image alignleft\"><img loading=\"lazy\" decoding=\"async\" width=\"150\" height=\"150\" src=\"https:\/\/aemtl.org\/wp-content\/uploads\/2025\/07\/IMG_7903-150x150.jpg\" class=\"attachment-thumbnail size-thumbnail wp-post-image\" alt=\"\" style=\"\" \/><\/div><a class=\"wp-block-latest-posts__post-title\" href=\"https:\/\/aemtl.org\/tetun\/a-formal-meeting-with-his-excellency-the-minister-of-state-administration-mae-mr-tomas-do-rosario-cabral-in-the-ministers-office\/\">Associa\u00e7\u00e3o Emprezarial das Mulheres Timor-Leste (AEMTL) ho International Finance Corporation (IFC) hala\u2019o enkontru ho Gabinete Prezidente Republika atu ko\u2019alia kona ba preparasaun fase 2 Timor-Leste Women in Business Awards tinan 2025.<\/a><div class=\"wp-block-latest-posts__post-excerpt\">Segunda \u2013Feira 09 de Junho 2025 Pr\u00e9mio Empreendedora Feto Timor-Leste hanesan inisiativa pioneira husi International Finance Corporation\u2026 <a class=\"wp-block-latest-posts__read-more\" href=\"https:\/\/aemtl.org\/tetun\/a-formal-meeting-with-his-excellency-the-minister-of-state-administration-mae-mr-tomas-do-rosario-cabral-in-the-ministers-office\/\" rel=\"noopener noreferrer\">Read more<span class=\"screen-reader-text\">: Associa\u00e7\u00e3o Emprezarial das Mulheres Timor-Leste (AEMTL) ho International Finance Corporation (IFC) hala\u2019o enkontru ho Gabinete Prezidente Republika atu ko\u2019alia kona ba preparasaun fase 2 Timor-Leste Women in Business Awards tinan 2025.<\/span><\/a><\/div><\/li>\n<li><div class=\"wp-block-latest-posts__featured-image alignleft\"><img loading=\"lazy\" decoding=\"async\" width=\"150\" height=\"150\" src=\"https:\/\/aemtl.org\/wp-content\/uploads\/2025\/07\/IMG_7911-150x150.jpg\" class=\"attachment-thumbnail size-thumbnail wp-post-image\" alt=\"\" style=\"\" \/><\/div><a class=\"wp-block-latest-posts__post-title\" href=\"https:\/\/aemtl.org\/tetun\/the-timor-leste-business-womens-association-aemtl-together-with-the-international-finance-corporation-ifc-held-a-meeting-with-the-office-of-the-president-of-the-republic-to-discuss-the\/\">AEMTL asina akordu servisu hamutuk ho MCAE<\/a><div class=\"wp-block-latest-posts__post-excerpt\">Quarta \u2013Feira 11 de Junho 2025 Presidente asina akordu serbisu hamutuk ho MCAE ba fundos Subven\u00e7\u00e3o liu\u2026 <a class=\"wp-block-latest-posts__read-more\" href=\"https:\/\/aemtl.org\/tetun\/the-timor-leste-business-womens-association-aemtl-together-with-the-international-finance-corporation-ifc-held-a-meeting-with-the-office-of-the-president-of-the-republic-to-discuss-the\/\" rel=\"noopener noreferrer\">Read more<span class=\"screen-reader-text\">: AEMTL asina akordu servisu hamutuk ho MCAE<\/span><\/a><\/div><\/li>\n<li><div class=\"wp-block-latest-posts__featured-image alignleft\"><img loading=\"lazy\" decoding=\"async\" width=\"150\" height=\"150\" src=\"https:\/\/aemtl.org\/wp-content\/uploads\/2025\/07\/IMG-20250617-WA0007-150x150.jpg\" class=\"attachment-thumbnail size-thumbnail wp-post-image\" alt=\"\" style=\"\" \/><\/div><a class=\"wp-block-latest-posts__post-title\" href=\"https:\/\/aemtl.org\/tetun\/aemtl-assina-acordo-de-colaboracao-com-o-mcae\/\">Partisipa iha Workshop Innovasaun ho Ekonomika Diversifikasaun iha Timor-Leste<\/a><div class=\"wp-block-latest-posts__post-excerpt\">Embaxiada Jap\u00e3o Dili, 13 Ju\u00f1u 2025 Prezidente Assosiasaun Empresarial Feto Timor-Leste (AEMTL) no Presidente Interina AEMTL Partisipa\u2026 <a class=\"wp-block-latest-posts__read-more\" href=\"https:\/\/aemtl.org\/tetun\/aemtl-assina-acordo-de-colaboracao-com-o-mcae\/\" rel=\"noopener noreferrer\">Read more<span class=\"screen-reader-text\">: Partisipa iha Workshop Innovasaun ho Ekonomika Diversifikasaun iha Timor-Leste<\/span><\/a><\/div><\/li>\n<li><div class=\"wp-block-latest-posts__featured-image alignleft\"><img loading=\"lazy\" decoding=\"async\" width=\"150\" height=\"150\" src=\"https:\/\/aemtl.org\/wp-content\/uploads\/2025\/07\/IMG_7849-150x150.jpg\" class=\"attachment-thumbnail size-thumbnail wp-post-image\" alt=\"\" style=\"\" \/><\/div><a class=\"wp-block-latest-posts__post-title\" href=\"https:\/\/aemtl.org\/tetun\/celebracao-do-17-o-aniversario-da-associacao-empresarial-das-mulheres-de-timor-leste-aemtl-no-municipio-de-baucau\/\">Serim\u00f3nia Entrega Pr\u00e9miu \u2013 Konsursu Dezenu Sestaria Tradision\u00e1l<\/a><div class=\"wp-block-latest-posts__post-excerpt\">Loron Segunda-Feira, 12 Maiu 2025 Assosiasaun Emprezarial Feto Timor-Leste (AEMTL),halo serim\u00f3nia entrega pr\u00e9miu iha Sentru Kultural Portug\u00e9s,\u2026 <a class=\"wp-block-latest-posts__read-more\" href=\"https:\/\/aemtl.org\/tetun\/celebracao-do-17-o-aniversario-da-associacao-empresarial-das-mulheres-de-timor-leste-aemtl-no-municipio-de-baucau\/\" rel=\"noopener noreferrer\">Read more<span class=\"screen-reader-text\">: Serim\u00f3nia Entrega Pr\u00e9miu \u2013 Konsursu Dezenu Sestaria Tradision\u00e1l<\/span><\/a><\/div><\/li>\n<li><div class=\"wp-block-latest-posts__featured-image alignleft\"><img loading=\"lazy\" decoding=\"async\" width=\"150\" height=\"150\" src=\"https:\/\/aemtl.org\/wp-content\/uploads\/2025\/07\/IMG_7643-150x150.jpg\" class=\"attachment-thumbnail size-thumbnail wp-post-image\" alt=\"\" style=\"\" \/><\/div><a class=\"wp-block-latest-posts__post-title\" href=\"https:\/\/aemtl.org\/tetun\/asosiasaun-emprezariu-feto-timor-leste-aemtl-iha-nivel-nasional-no-municipal-partisipa-iha-seminariu-nasional-ba-feto\/\">Selebrasaun Aniv\u00e9rsariu ba Asosiasaun Empresarial feto Timor-Leste (AEMTL) dala 17\u00ba iha Munisipiu Baucau<\/a><div class=\"wp-block-latest-posts__post-excerpt\">Baucau, 01 de Maio 2025 Associa\u00e7\u00e3o Emprezarial das Mulheres de Timor-Leste (AEMTL), tinan ne\u2019e selebra aniversariu ba\u2026 <a class=\"wp-block-latest-posts__read-more\" href=\"https:\/\/aemtl.org\/tetun\/asosiasaun-emprezariu-feto-timor-leste-aemtl-iha-nivel-nasional-no-municipal-partisipa-iha-seminariu-nasional-ba-feto\/\" rel=\"noopener noreferrer\">Read more<span class=\"screen-reader-text\">: Selebrasaun Aniv\u00e9rsariu ba Asosiasaun Empresarial feto Timor-Leste (AEMTL) dala 17\u00ba iha Munisipiu Baucau<\/span><\/a><\/div><\/li>\n<li><div class=\"wp-block-latest-posts__featured-image alignleft\"><img loading=\"lazy\" decoding=\"async\" width=\"150\" height=\"150\" src=\"https:\/\/aemtl.org\/wp-content\/uploads\/2025\/06\/IMG-20250521-WA0004-150x150.jpg\" class=\"attachment-thumbnail size-thumbnail wp-post-image\" alt=\"\" style=\"\" \/><\/div><a class=\"wp-block-latest-posts__post-title\" href=\"https:\/\/aemtl.org\/tetun\/a-associacao-empresarial-das-mulheres-de-timor-leste-aemtl-a-nivel-nacional-e-municipal-participou-num-seminario-nacional-para-mulheres-empreendedoras\/\">&#8220;Membro Sira husi Associa\u00e7\u00e3o Empresarial das Mulheres de Timor-Leste, Partisipa Feira Nasional Expozisaun Dezenvolvimentu Governasaun\u00a0Lokal&#8221;<\/a><div class=\"wp-block-latest-posts__post-excerpt\">LP TETUMIha loron 20 de Maio, Loron Restaura\u00e7\u00e3o Independencia ba 23 anosMembru sira husi Associa\u00e7\u00e3o das Empres\u00e1rias\u2026 <a class=\"wp-block-latest-posts__read-more\" href=\"https:\/\/aemtl.org\/tetun\/a-associacao-empresarial-das-mulheres-de-timor-leste-aemtl-a-nivel-nacional-e-municipal-participou-num-seminario-nacional-para-mulheres-empreendedoras\/\" rel=\"noopener noreferrer\">Read more<span class=\"screen-reader-text\">: &#8220;Membro Sira husi Associa\u00e7\u00e3o Empresarial das Mulheres de Timor-Leste, Partisipa Feira Nasional Expozisaun Dezenvolvimentu Governasaun\u00a0Lokal&#8221;<\/span><\/a><\/div><\/li>\n<li><div class=\"wp-block-latest-posts__featured-image alignleft\"><img loading=\"lazy\" decoding=\"async\" width=\"150\" height=\"150\" src=\"https:\/\/aemtl.org\/wp-content\/uploads\/2025\/02\/notisia2-150x150.webp\" class=\"attachment-thumbnail size-thumbnail wp-post-image\" alt=\"\" style=\"\" \/><\/div><a class=\"wp-block-latest-posts__post-title\" href=\"https:\/\/aemtl.org\/tetun\/the-timor-leste-womens-business-association-aemtl-at-the-national-and-municipal-levels\/\">Asosiasaun Emprez\u00e1riu Feto Timor-Leste (AEMTL), iha n\u00edvel nasion\u00e1l no municipal, partisipa iha semin\u00e1riu nasion\u00e1l ba feto.<\/a><div class=\"wp-block-latest-posts__post-excerpt\">Dili, Sesta-feira, 16 Novembru 2024 Asosiasaun Emprez\u00e1riu Feto Timor-Leste (AEMTL), iha n\u00edvel nasion\u00e1l no municipal, partisipa iha\u2026 <a class=\"wp-block-latest-posts__read-more\" href=\"https:\/\/aemtl.org\/tetun\/the-timor-leste-womens-business-association-aemtl-at-the-national-and-municipal-levels\/\" rel=\"noopener noreferrer\">Read more<span class=\"screen-reader-text\">: Asosiasaun Emprez\u00e1riu Feto Timor-Leste (AEMTL), iha n\u00edvel nasion\u00e1l no municipal, partisipa iha semin\u00e1riu nasion\u00e1l ba feto.<\/span><\/a><\/div><\/li>\n<li><div class=\"wp-block-latest-posts__featured-image alignleft\"><img loading=\"lazy\" decoding=\"async\" width=\"150\" height=\"150\" src=\"https:\/\/aemtl.org\/wp-content\/uploads\/2025\/02\/n003-150x150.webp\" class=\"attachment-thumbnail size-thumbnail wp-post-image\" alt=\"\" style=\"\" \/><\/div><a class=\"wp-block-latest-posts__post-title\" href=\"https:\/\/aemtl.org\/tetun\/the-acting-president-of-aemtl-along-with-her-team-participated-in-the-conversa-comercio\/\">PREZIDENTE INTERINA AEMTL HO EZIPA PARTISIPA \u201cDADALIA KOM\u00c9RCIU\u201d<\/a><div class=\"wp-block-latest-posts__post-excerpt\">D\u00edli, Loron-Sesta, 22 Outubru 2024 Prezidente Interina\u00a0Associa\u00e7\u00e3o Empreendedora Mulher Timor-Leste (AEMTL), ho ninia ezipa, partisipa iha eventu\u00a0\u201cDadalia\u2026 <a class=\"wp-block-latest-posts__read-more\" href=\"https:\/\/aemtl.org\/tetun\/the-acting-president-of-aemtl-along-with-her-team-participated-in-the-conversa-comercio\/\" rel=\"noopener noreferrer\">Read more<span class=\"screen-reader-text\">: PREZIDENTE INTERINA AEMTL HO EZIPA PARTISIPA \u201cDADALIA KOM\u00c9RCIU\u201d<\/span><\/a><\/div><\/li>\n<li><div class=\"wp-block-latest-posts__featured-image alignleft\"><img loading=\"lazy\" decoding=\"async\" width=\"150\" height=\"150\" src=\"https:\/\/aemtl.org\/wp-content\/uploads\/2025\/02\/notisia1-150x150.webp\" class=\"attachment-thumbnail size-thumbnail wp-post-image\" alt=\"\" style=\"\" \/><\/div><a class=\"wp-block-latest-posts__post-title\" href=\"https:\/\/aemtl.org\/tetun\/aemtl-president-speaks-at-intergenerational-dialogue-in-timor-leste\/\">PREZIDENTE AEMTL HATO\u2019O DISKURSU IHA DI\u00c1LOGU INTERJENERASIONAL TIMOR-LESTE<\/a><div class=\"wp-block-latest-posts__post-excerpt\">D\u00edli, 6 Novembru 2024 \u2014 Prezidente&nbsp;Associa\u00e7\u00e3o Empreendedora Mulher Timor-Leste (AEMTL)&nbsp;sei sai oradora iha&nbsp;Di\u00e1logu Interjenerasional&nbsp;hodi promove asuntu pol\u00edtika,\u2026 <a class=\"wp-block-latest-posts__read-more\" href=\"https:\/\/aemtl.org\/tetun\/aemtl-president-speaks-at-intergenerational-dialogue-in-timor-leste\/\" rel=\"noopener noreferrer\">Read more<span class=\"screen-reader-text\">: PREZIDENTE AEMTL HATO\u2019O DISKURSU IHA DI\u00c1LOGU INTERJENERASIONAL TIMOR-LESTE<\/span><\/a><\/div><\/li>\n<li><div class=\"wp-block-latest-posts__featured-image alignleft\"><img loading=\"lazy\" decoding=\"async\" width=\"150\" height=\"150\" src=\"https:\/\/aemtl.org\/wp-content\/uploads\/2025\/02\/news1-150x150.webp\" class=\"attachment-thumbnail size-thumbnail wp-post-image\" alt=\"\" style=\"\" \/><\/div><a class=\"wp-block-latest-posts__post-title\" href=\"https:\/\/aemtl.org\/tetun\/ifc-and-aemtl-sign-memorandum-for-women-in-business-awards\/\">IFC HO AEMTL ASINA MEMORANDU BA PREMIU FETO IHA NEG\u00d3SIU<\/a><div class=\"wp-block-latest-posts__post-excerpt\">International Finance Corporation (IFC)\u00a0ho\u00a0Associa\u00e7\u00e3o Empreendedora Mulher Timor-Leste (AEMTL)\u00a0asina memorandu entendimentu (MOU) iha loron 8 Agostu hodi lansa\u00a0Premiu\u2026 <a class=\"wp-block-latest-posts__read-more\" href=\"https:\/\/aemtl.org\/tetun\/ifc-and-aemtl-sign-memorandum-for-women-in-business-awards\/\" rel=\"noopener noreferrer\">Read more<span class=\"screen-reader-text\">: IFC HO AEMTL ASINA MEMORANDU BA PREMIU FETO IHA NEG\u00d3SIU<\/span><\/a><\/div><\/li>\n<li><div class=\"wp-block-latest-posts__featured-image alignleft\"><img loading=\"lazy\" decoding=\"async\" width=\"150\" height=\"150\" src=\"https:\/\/aemtl.org\/wp-content\/uploads\/2025\/02\/news-5-1-150x150.webp\" class=\"attachment-thumbnail size-thumbnail wp-post-image\" alt=\"\" style=\"\" \/><\/div><a class=\"wp-block-latest-posts__post-title\" href=\"https:\/\/aemtl.org\/tetun\/first-training-for-the-ideia-dili-inovar-project\/\">TREINAMENTU BA PROJETU IDEIAS-D\u00cdLI INOVAR<\/a><div class=\"wp-block-latest-posts__post-excerpt\">D\u00edli, Loron-Sesta, 5 Dezembru 2023. Liu husi&nbsp;Projetu Ideias D\u00edli Inovar, treinamentu primeiru hala\u2019o ba partisipante 19 iha\u2026 <a class=\"wp-block-latest-posts__read-more\" href=\"https:\/\/aemtl.org\/tetun\/first-training-for-the-ideia-dili-inovar-project\/\" rel=\"noopener noreferrer\">Read more<span class=\"screen-reader-text\">: TREINAMENTU BA PROJETU IDEIAS-D\u00cdLI INOVAR<\/span><\/a><\/div><\/li>\n<li><div class=\"wp-block-latest-posts__featured-image alignleft\"><img loading=\"lazy\" decoding=\"async\" width=\"150\" height=\"150\" src=\"https:\/\/aemtl.org\/wp-content\/uploads\/2025\/01\/news-3-150x150.webp\" class=\"attachment-thumbnail size-thumbnail wp-post-image\" alt=\"\" style=\"\" \/><\/div><a class=\"wp-block-latest-posts__post-title\" href=\"https:\/\/aemtl.org\/tetun\/aemtl-leadership-meets-with-ifc-official\/\">LIDERANSA AEMTL REUNI HO REPREZENTANTE IFC<\/a><div class=\"wp-block-latest-posts__post-excerpt\">Sesta-feira, 2 Fevereiru 2024 \u2014 Prezidente AEMTL, Hergui Luina Fernandes Alves, ho Vice-Prezidente ba Ind\u00fastria Kreativa no\u2026 <a class=\"wp-block-latest-posts__read-more\" href=\"https:\/\/aemtl.org\/tetun\/aemtl-leadership-meets-with-ifc-official\/\" rel=\"noopener noreferrer\">Read more<span class=\"screen-reader-text\">: LIDERANSA AEMTL REUNI HO REPREZENTANTE IFC<\/span><\/a><\/div><\/li>\n<li><div class=\"wp-block-latest-posts__featured-image alignleft\"><img loading=\"lazy\" decoding=\"async\" width=\"150\" height=\"150\" src=\"https:\/\/aemtl.org\/wp-content\/uploads\/2025\/01\/news-1-1-150x150.webp\" class=\"attachment-thumbnail size-thumbnail wp-post-image\" alt=\"\" style=\"\" \/><\/div><a class=\"wp-block-latest-posts__post-title\" href=\"https:\/\/aemtl.org\/tetun\/workshop-to-strengthen-business-3\/\">WORKSHOP BA FORTALESE NEG\u00d3SIU IHA \u00c1REA SERVISU<\/a><div class=\"wp-block-latest-posts__post-excerpt\">AEMTL hala\u2019o workshop ba feto joven empreendedora no partisipante IDEIAS-D\u00edli Inovar ho tema&nbsp;Neg\u00f3siu iha \u00c1rea Servisu&nbsp;ba feto\u2026 <a class=\"wp-block-latest-posts__read-more\" href=\"https:\/\/aemtl.org\/tetun\/workshop-to-strengthen-business-3\/\" rel=\"noopener noreferrer\">Read more<span class=\"screen-reader-text\">: WORKSHOP BA FORTALESE NEG\u00d3SIU IHA \u00c1REA SERVISU<\/span><\/a><\/div><\/li>\n<li><div class=\"wp-block-latest-posts__featured-image alignleft\"><img loading=\"lazy\" decoding=\"async\" width=\"150\" height=\"150\" src=\"https:\/\/aemtl.org\/wp-content\/uploads\/2025\/01\/n004-2-150x150.webp\" class=\"attachment-thumbnail size-thumbnail wp-post-image\" alt=\"\" style=\"\" \/><\/div><a class=\"wp-block-latest-posts__post-title\" href=\"https:\/\/aemtl.org\/tetun\/asean-women-entrepreneurs-network-awen\/\">Rede Feto Empreendedora ASEAN (AWEN)<\/a><div class=\"wp-block-latest-posts__post-excerpt\">4 to\u2019o 6 Novembru 2024&nbsp;\u2014 AEMTL, reprezenta husi Vice-Prezidente ba Turizmu, Sra. Ana Paula Torres Godinho, no\u2026 <a class=\"wp-block-latest-posts__read-more\" href=\"https:\/\/aemtl.org\/tetun\/asean-women-entrepreneurs-network-awen\/\" rel=\"noopener noreferrer\">Read more<span class=\"screen-reader-text\">: Rede Feto Empreendedora ASEAN (AWEN)<\/span><\/a><\/div><\/li>\n<\/ul>","protected":false},"excerpt":{"rendered":"","protected":false},"author":1,"featured_media":0,"parent":0,"menu_order":0,"comment_status":"closed","ping_status":"closed","template":"","meta":{"footnotes":""},"class_list":["post-95","page","type-page","status-publish","hentry"],"_links":{"self":[{"href":"https:\/\/aemtl.org\/tetun\/wp-json\/wp\/v2\/pages\/95","targetHints":{"allow":["GET"]}}],"collection":[{"href":"https:\/\/aemtl.org\/tetun\/wp-json\/wp\/v2\/pages"}],"about":[{"href":"https:\/\/aemtl.org\/tetun\/wp-json\/wp\/v2\/types\/page"}],"author":[{"embeddable":true,"href":"https:\/\/aemtl.org\/tetun\/wp-json\/wp\/v2\/users\/1"}],"replies":[{"embeddable":true,"href":"https:\/\/aemtl.org\/tetun\/wp-json\/wp\/v2\/comments?post=95"}],"version-history":[{"count":29,"href":"https:\/\/aemtl.org\/tetun\/wp-json\/wp\/v2\/pages\/95\/revisions"}],"predecessor-version":[{"id":1783,"href":"https:\/\/aemtl.org\/tetun\/wp-json\/wp\/v2\/pages\/95\/revisions\/1783"}],"wp:attachment":[{"href":"https:\/\/aemtl.org\/tetun\/wp-json\/wp\/v2\/media?parent=95"}],"curies":[{"name":"wp","href":"https:\/\/api.w.org\/{rel}","templated":true}]}}